{"id":1223,"date":"2021-03-04T12:10:04","date_gmt":"2021-03-04T11:10:04","guid":{"rendered":"https:\/\/www2.lama-bfc.sk\/?page_id=1223"},"modified":"2024-11-26T14:47:09","modified_gmt":"2024-11-26T13:47:09","slug":"zasady-ochrany-osobnych-udajov","status":"publish","type":"page","link":"https:\/\/www.lama-bfc.sk\/sk\/zasady-ochrany-osobnych-udajov\/","title":{"rendered":"Z\u00e1sady ochrany osobn\u00fdch \u00fadajov"},"content":{"rendered":"<h2><span style=\"font-size: 18pt;\">Kto sme<\/span><\/h2>\n<span style=\"font-size: 14pt;\"><!-- \/wp:post-content --><!-- wp:paragraph --><\/span>\n\n<span style=\"font-size: 14pt;\">E-shop https:\/\/www.lama-bfc.sk je prev\u00e1dzkovan\u00fd spolo\u010dnos\u0165ou LAMA (Ing. Andrea Saynykov\u00e1, Obi\u0161ovce 54, 044 81 Ko\u0161ice.I\u010cO:47985984, zap\u00edsanou v odbore \u017eivnostensk\u00e9ho podnikania Komensk\u00e9ho 52, 041 26 Ko\u0161ice).<\/span>\n\n<span style=\"font-size: 14pt;\">&#8211; K sprac\u00favaniu Va\u0161ich osobn\u00fdch \u00fadajov pristupujeme len z\u00e1konn\u00fdm sp\u00f4sobom, profesion\u00e1lne a citlivo<\/span>\n<span style=\"font-size: 14pt;\">&#8211; Va\u0161e osobn\u00e9 \u00fadaje s\u00fa ulo\u017een\u00e9 v zabezpe\u010denom informa\u010dnom syst\u00e9me s SSL \u0161ifrovan\u00fdm pr\u00edstupom a firewallom na na\u0161om webe<\/span>\n<span style=\"font-size: 14pt;\">&#8211; V\u0161etky osoby, ktor\u00e9 pr\u00eddu do styku s Va\u0161imi osobn\u00fdmi \u00fadajmi zo strany prev\u00e1dzkovate\u013ea, s\u00fa n\u00e1le\u017eite pou\u010den\u00e9 o z\u00e1konnom zaobch\u00e1dzan\u00ed s nimi a s\u00fa zaviazan\u00ed ml\u010danlivos\u0165ou (odosielate\u013e z\u00e1sielky a spr\u00e1vca eshopu)<\/span>\n\n<span style=\"font-size: 14pt;\">&#8211; Z\u00edskavame od V\u00e1s iba tie \u00fadaje, ktor\u00e9 s\u00fa potrebn\u00e9 na splnenie \u00fa\u010delu, na z\u00e1klade ktor\u00e9ho ste n\u00e1s kontaktovali<\/span>\n<span style=\"font-size: 14pt;\">&#8211; m\u00f4\u017eete n\u00e1s kedyko\u013evek po\u017eiada\u0165 o zmazanie hist\u00f3rie na\u0161ej e-mailovej komunik\u00e1cie, datab\u00e1ze objedn\u00e1vok \u010di kompletn\u00e9ho \u00fa\u010dtu z n\u00e1\u0161ho syst\u00e9mu a to emailom na adresu lamabfc@gmail.com<\/span>\n<h2><span style=\"font-size: 18pt;\">Ak\u00e9 osobn\u00e9 \u00fadaje z\u00edskavame a pre\u010do ich zbierame<\/span><\/h2>\n<span style=\"font-size: 14pt;\"><!-- \/wp:paragraph --><!-- wp:heading \/--><!-- wp:heading {\"level\":3} --><\/span>\n\n<strong><span style=\"font-size: 14pt;\">Koment\u00e1re<\/span><\/strong>\n\n<span style=\"font-size: 14pt;\"><!-- \/wp:heading --><!-- wp:paragraph --><\/span>\n\n<span style=\"font-size: 14pt;\">Ke\u010f n\u00e1v\u0161tevn\u00edci webu zanechavaj\u00fa na str\u00e1nke koment\u00e1re, zbierame \u00fadaje, ktor\u00e9 s\u00fa zobrazen\u00e9 vo formul\u00e1ri koment\u00e1ra a taktie\u017e IP adresu pou\u017e\u00edvate\u013eov a user-agent prehliada\u010da z d\u00f4vodu ochrany proti spamu.<\/span>\n\n<span style=\"font-size: 14pt;\"><!-- \/wp:paragraph --><!-- wp:paragraph --><\/span>\n\n<span style=\"font-size: 14pt;\">Anonymizovan\u00fd re\u0165azec vytvoren\u00fd z va\u0161ej e-mailovej adresy (naz\u00fdvan\u00fd aj hash) m\u00f4\u017ee by\u0165 poskytnut\u00fd slu\u017ebe Gravatar pre overenie, \u010di ju pou\u017e\u00edvate. Z\u00e1sady ochrany osobn\u00fdch \u00fadajov slu\u017eby Gravatar n\u00e1jdete na: https:\/\/automattic.com\/privacy\/. Po schv\u00e1len\u00ed v\u00e1\u0161ho koment\u00e1ra bude va\u0161a profilov\u00e1 fotografia verejne zobrazen\u00e1 spolu s obsahom v\u00e1\u0161ho koment\u00e1ra.<\/span>\n\n<span style=\"font-size: 14pt;\"><!-- \/wp:paragraph --><!-- wp:heading {\"level\":3} --><\/span>\n<h3><span style=\"font-size: 14pt;\">Multim\u00e9di\u00e1<\/span><\/h3>\n<span style=\"font-size: 14pt;\"><!-- \/wp:heading --><!-- wp:paragraph --><\/span>\n\n<span style=\"font-size: 14pt;\">Pri nahr\u00e1van\u00ed obr\u00e1zkov na webov\u00fa str\u00e1nku by ste sa mali vyhn\u00fa\u0165 nahr\u00e1vaniu obr\u00e1zkov s EXIF GPS \u00fadajmi o polohe. N\u00e1v\u0161tevn\u00edci webu m\u00f4\u017eu stiahnu\u0165 a zobrazi\u0165 ak\u00e9ko\u013evek \u00fadaje o polohe z obr\u00e1zkov.<\/span>\n\n<span style=\"font-size: 14pt;\"><!-- \/wp:paragraph --><!-- wp:heading {\"level\":3} --><\/span>\n<h3><span style=\"font-size: 14pt;\">Kontaktn\u00e9 formul\u00e1re<\/span><\/h3>\n<span style=\"font-size: 14pt;\">Ke\u010f n\u00e1v\u0161tevn\u00edci webu zanechavaj\u00fa na str\u00e1nke spr\u00e1vu, zbierame \u00fadaje, ktor\u00e9 s\u00fa odoslan\u00e9 vo formul\u00e1ri a taktie\u017e IP adresu pou\u017e\u00edvate\u013eov a user-agent prehliada\u010da z d\u00f4vodu ochrany proti spamu.<\/span>\n\n<span style=\"font-size: 14pt;\"><!-- \/wp:heading --><!-- wp:heading {\"level\":3} --><\/span>\n\n<strong><span style=\"font-size: 14pt;\">S\u00fabory cookies<\/span><\/strong>\n\n<span style=\"font-size: 14pt;\"><!-- \/wp:heading --><!-- wp:paragraph --><\/span>\n\n<span style=\"font-size: 14pt;\">Ak prid\u00e1te koment\u00e1r na na\u0161ej str\u00e1nke, m\u00f4\u017eete s\u00fahlasi\u0165 s ulo\u017een\u00edm v\u00e1\u0161ho mena, e-mailovej adresy a webovej str\u00e1nky do s\u00faborov cookies. Je to pre va\u0161e pohodlie, aby ste nemuseli op\u00e4tovne vyp\u013a\u0148a\u0165 va\u0161e \u00fadaje znovu pri prid\u00e1van\u00ed \u010fal\u0161ieho koment\u00e1ra. Tieto s\u00fabory cookies s\u00fa platn\u00e9 jeden rok.<\/span>\n\n<span style=\"font-size: 14pt;\"><!-- \/wp:paragraph --><!-- wp:paragraph --><\/span>\n\n<span style=\"font-size: 14pt;\">Ak m\u00e1te na na\u0161ej webovej str\u00e1nke \u00fa\u010det a prihl\u00e1site sa, ulo\u017e\u00edme do\u010dasn\u00e9 s\u00fabory cookies na ur\u010denie toho, \u010di v\u00e1\u0161 prehliada\u010d akceptuje s\u00fabory cookies. Tieto s\u00fabory cookies neobsahuj\u00fa \u017eiadne osobn\u00e9 \u00fadaje a s\u00fa zru\u0161en\u00e9 pri zatvoren\u00ed prehliada\u010da.<\/span>\n\n<span style=\"font-size: 14pt;\"><!-- \/wp:paragraph --><!-- wp:paragraph --><\/span>\n\n<span style=\"font-size: 14pt;\">Pri prihl\u00e1sen\u00ed nastav\u00edme nieko\u013eko s\u00faborov cookies, aby sme ulo\u017eili va\u0161e prihlasovacie \u00fadaje a nastavenia zobrazenia. Prihlasovacie cookies s\u00fa platn\u00e9 dva dni a nastavenia zobrazenia jeden rok. Ak zvol\u00edte mo\u017enos\u0165 &#8222;zapam\u00e4ta\u0165&#8220;, va\u0161e prihl\u00e1senie bude platn\u00e9 dva t\u00fd\u017edne. Pri odhl\u00e1sen\u00ed sa z v\u00e1\u0161ho \u00fa\u010dtu s\u00fa s\u00fabory cookies odstr\u00e1nen\u00e9.<\/span>\n\n<span style=\"font-size: 14pt;\"><!-- \/wp:paragraph --><!-- wp:paragraph --><\/span>\n\n<span style=\"font-size: 14pt;\">Pri \u00faprave alebo publikovan\u00ed \u010dl\u00e1nku bud\u00fa vo va\u0161om prehliada\u010di ulo\u017een\u00e9 dodato\u010dn\u00e9 s\u00fabory cookies. Tieto s\u00fabory cookies neobsahuj\u00fa \u017eiadne osobn\u00e9 \u00fadaje a odkazuj\u00fa iba na ID \u010dl\u00e1nku, ktor\u00fd ste upravovali. S\u00fabory s\u00fa platn\u00e9 1 de\u0148.<\/span>\n\n<span style=\"font-size: 14pt;\"><!-- \/wp:paragraph --><!-- wp:heading {\"level\":3} --><\/span>\n\n<strong><span style=\"font-size: 14pt;\">Vlo\u017een\u00fd obsah z in\u00fdch webov\u00fdch str\u00e1nok<\/span><\/strong>\n\n<span style=\"font-size: 14pt;\"><!-- \/wp:heading --><!-- wp:paragraph --><\/span>\n\n<span style=\"font-size: 14pt;\">\u010cl\u00e1nky na tejto webovej str\u00e1nke m\u00f4\u017eu obsahova\u0165 vlo\u017een\u00fd obsah (napr. vide\u00e1, obr\u00e1zky, \u010dl\u00e1nky a podobne). Vlo\u017een\u00fd obsah z in\u00fdch str\u00e1nok sa chov\u00e1 rovnako, akoby n\u00e1v\u0161tevn\u00edk nav\u0161t\u00edvil in\u00fa webov\u00fa str\u00e1nku.<\/span>\n\n<span style=\"font-size: 14pt;\"><!-- \/wp:paragraph --><!-- wp:paragraph --><\/span>\n\n<span style=\"font-size: 14pt;\">Tieto webov\u00e9 str\u00e1nky m\u00f4\u017eu o v\u00e1s zbiera\u0165 osobn\u00e9 \u00fadaje, pou\u017e\u00edva\u0165 s\u00fabory cookies, vklada\u0165 tre\u0165o-strann\u00e9 sledovanie a monitorova\u0165 va\u0161u interakciu s vlo\u017een\u00fdm obsahom, v\u010detne sledovania va\u0161ej interakcie s vlo\u017een\u00fdm obsahom, ak na danej webovej str\u00e1nke m\u00e1te \u00fa\u010det a ste prihl\u00e1sen\u00fd.<\/span>\n\n<span style=\"font-size: 14pt;\"><!-- \/wp:paragraph --><!-- wp:heading {\"level\":3} --><\/span>\n\n<strong><span style=\"font-size: 14pt;\">Analytika<\/span><\/strong>\n<div><span style=\"font-size: 14pt;\">Pri prehliadan\u00ed str\u00e1nky z\u00edskavame \u00fadaje ako IP adresu, lokalitu a\u00a0user-agent, pre analytick\u00e9 \u00fa\u010dely.<\/span><\/div>\n<div><\/div>\n<span style=\"font-size: 14pt;\"><!-- \/wp:heading --><!-- wp:heading --><\/span>\n<h2><span style=\"font-size: 18pt;\">S k\u00fdm zdie\u013eame va\u0161e \u00fadaje<\/span><\/h2>\n<span style=\"font-size: 14pt;\">\u00a0Neposkytujeme \u00fadaje tret\u00edm stran\u00e1m. Pou\u017e\u00edvate\u013esk\u00e9 kont\u00e1 na na\u0161om webe, va\u0161e objedn\u00e1vky, spr\u00e1vy uchov\u00e1vame na na\u0161om vlastnom servery a neposkytujeme ich nikdy tret\u00edm stran\u00e1m.<\/span>\n\n<span style=\"font-size: 14pt;\"><!-- \/wp:heading --><!-- wp:heading --><\/span>\n<h2><span style=\"font-size: 18pt;\">Ako dlho uchov\u00e1vame va\u0161e \u00fadaje<\/span><\/h2>\n<span style=\"font-size: 14pt;\"><!-- \/wp:heading --><!-- wp:paragraph --><\/span>\n\n<span style=\"font-size: 14pt;\">Pri prid\u00e1van\u00ed koment\u00e1ra, koment\u00e1r a jeho meta \u00fadaje s\u00fa uchov\u00e1van\u00e9 oddelene. V\u010faka tomu vieme automaticky rozpozna\u0165 a schv\u00e1li\u0165 ak\u00e9ko\u013evek s\u00favisiace koment\u00e1re bez toho, aby museli by\u0165 podr\u017ean\u00e9 na moder\u00e1ciu.<\/span>\n\n<span style=\"font-size: 14pt;\"><!-- \/wp:paragraph --><!-- wp:paragraph --><\/span>\n\n<span style=\"font-size: 14pt;\">Pre pou\u017e\u00edvate\u013eov, ktor\u00ed sa zaregistruj\u00fa na na\u0161ich webov\u00fdch str\u00e1nkach (ak tak\u00ed existuj\u00fa), uklad\u00e1me aj osobn\u00e9 \u00fadaje, ktor\u00e9 poskytuj\u00fa, do ich u\u017e\u00edvate\u013esk\u00e9ho profilu. V\u0161etci pou\u017e\u00edvatelia m\u00f4\u017eu kedyko\u013evek zobrazi\u0165, upravi\u0165 alebo odstr\u00e1ni\u0165 svoje osobn\u00e9 \u00fadaje (okrem zmeny pou\u017e\u00edvate\u013esk\u00e9ho). Spr\u00e1vcovia webov\u00fdch str\u00e1nok tie\u017e m\u00f4\u017eu zobrazi\u0165 a upravi\u0165 tieto inform\u00e1cie.<\/span>\n\n<span style=\"font-size: 14pt;\"><!-- \/wp:paragraph --><!-- wp:heading --><\/span>\n<h2><span style=\"font-size: 18pt;\">Ak\u00e9 pr\u00e1va m\u00e1te nad svojimi \u00fadajmi<\/span><\/h2>\n<span style=\"font-size: 14pt;\"><!-- \/wp:heading --><!-- wp:paragraph --><\/span>\n\n<span style=\"font-size: 14pt;\">Ak na tejto webovej str\u00e1nke m\u00e1te \u00fa\u010det, alebo ste tu pridali koment\u00e1r, m\u00f4\u017eete po\u017eiada\u0165 o export va\u0161ich osobn\u00fdch \u00fadajov, ktor\u00e9 o v\u00e1s uklad\u00e1me, v\u010detne \u00fadajov, ktor\u00e9 ste n\u00e1m poskytli. M\u00f4\u017eete tak isto po\u017eiada\u0165 o vymazanie osobn\u00fdch \u00fadajov. To sa ale net\u00fdka \u00fadajov, ktor\u00e9 o v\u00e1s mus\u00edme uchov\u00e1va\u0165 z administrat\u00edvnych, pr\u00e1vnych alebo bezpe\u010dnostn\u00fdch d\u00f4vodov.<\/span>\n\n<span style=\"font-size: 14pt;\"><!-- \/wp:paragraph --><!-- wp:heading --><\/span>\n<h2><span style=\"font-size: 18pt;\">Kam posielame va\u0161e \u00fadaje<\/span><\/h2>\n<span style=\"font-size: 14pt;\"><!-- \/wp:heading --><!-- wp:paragraph --><\/span>\n\n<span style=\"font-size: 14pt;\">Koment\u00e1re n\u00e1v\u0161tevn\u00edkov m\u00f4\u017eu by\u0165 kontrolovan\u00e9 prostredn\u00edctvom automatizovanej slu\u017eby na detekciu spamu.<\/span>\n\n<span style=\"font-size: 14pt;\"><!-- \/wp:paragraph --><!-- wp:heading --><\/span>\n<h2><span style=\"font-size: 18pt;\">Va\u0161e kontaktn\u00e9 inform\u00e1cie<\/span><\/h2>\n<span style=\"font-size: 14pt;\">E-shop www.lama-bfc.sk uchov\u00e1va Va\u0161e osobn\u00e9 \u00fadaje, v pr\u00edpade, \u017ee ste na\u0161imi z\u00e1kazn\u00edkmi a zaregistrovali ste sa cez internetov\u00fd obchod.<\/span>\n\n<span style=\"font-size: 14pt;\">O\u00a0registrovan\u00fdch u\u017e\u00edvate\u013eoch uchov\u00e1vame nasledovn\u00e9 inform\u00e1cie, ktor\u00e9 s\u00fa povinn\u00e9 v\u00a0pr\u00edpade, \u017ee ste z\u00e1kazn\u00edk n\u00e1\u0161ho obchodu:<\/span>\n<ul>\n \t<li><span style=\"font-size: 14pt;\">Meno a\u00a0priezvisko<\/span><\/li>\n \t<li><span style=\"font-size: 14pt;\">Email<\/span><\/li>\n \t<li><span style=\"font-size: 14pt;\">Faktura\u010dn\u00e1 adresa z\u00e1kazn\u00edka<\/span>\n<ul>\n \t<li><span style=\"font-size: 14pt;\">krstn\u00e9 meno<\/span><\/li>\n \t<li><span style=\"font-size: 14pt;\">priezvisko<\/span><\/li>\n \t<li><span style=\"font-size: 14pt;\">n\u00e1zov spolo\u010dnosti<\/span><\/li>\n \t<li><span style=\"font-size: 14pt;\">adresa<\/span><\/li>\n \t<li><span style=\"font-size: 14pt;\">mesto<\/span><\/li>\n \t<li><span style=\"font-size: 14pt;\">PS\u010c<\/span><\/li>\n \t<li><span style=\"font-size: 14pt;\">telef\u00f3n<\/span><\/li>\n<\/ul>\n<\/li>\n \t<li><span style=\"font-size: 14pt;\">Dodacia adresa z\u00e1kazn\u00edka<\/span>\n<ul>\n \t<li><span style=\"font-size: 14pt;\">krstn\u00e9 meno<\/span><\/li>\n \t<li><span style=\"font-size: 14pt;\">priezvisko<\/span><\/li>\n \t<li><span style=\"font-size: 14pt;\">n\u00e1zov spolo\u010dnosti<\/span><\/li>\n \t<li><span style=\"font-size: 14pt;\">adresa<\/span><\/li>\n \t<li><span style=\"font-size: 14pt;\">mesto<\/span><\/li>\n \t<li><span style=\"font-size: 14pt;\">PS\u010c<\/span><\/li>\n<\/ul>\n<\/li>\n \t<li><span style=\"font-size: 14pt;\">Tieto \u00fadaje s\u00fa uchov\u00e1van\u00e9 v elektronickej podobe. V pr\u00edpade, \u017ee si po ukon\u010den\u00ed spolupr\u00e1ce \u017eel\u00e1te vymaza\u0165 va\u0161e \u00fadaje, po\u017eiadajte n\u00e1s o to e-mailom alebo online <a href=\"https:\/\/www.lama-bfc.sk\/formular-na-zrusenie-spracovania-osobnych-udajov\/\">online formul\u00e1rom<\/a>. Va\u0161e \u00fadaje bud\u00fa nezvratne vymazan\u00e9.<\/span><\/li>\n<\/ul>\n<span style=\"font-size: 14pt;\"><!-- \/wp:heading --><!-- wp:heading --><\/span>\n<h2><span style=\"font-size: 18pt;\">Ako chr\u00e1nime va\u0161e \u00fadaje<\/span><\/h2>\n<span style=\"font-size: 14pt;\">Prenos \u00fadajov je zabezpe\u010den\u00fd \u0161ifrovan\u00edm. \u00dadaje s\u00fa ulo\u017een\u00e9 v zabezpe\u010denej datab\u00e1ze s potrebou autorizovan\u00e9ho pr\u00edstupu, ktor\u00fa chr\u00e1nime pred po\u0161koden\u00edm, zni\u010den\u00edm, stratou alebo zneu\u017eit\u00edm. V\u0161etci na\u0161i pracovn\u00edci, ktor\u00ed pr\u00eddu s \u00fadajmi do styku, boli n\u00e1le\u017eite pou\u010den\u00ed o korektnom zaobch\u00e1dzan\u00ed s t\u00fdmito \u00fadajmi. Va\u0161e osobn\u00e9 \u00fadaje nespr\u00edstup\u0148ujeme, nezverej\u0148ujeme a neposkytujeme tret\u00edm stran\u00e1m. V\u00fdnimkou m\u00f4\u017eu by\u0165 pr\u00edpady taxat\u00edvne ur\u010den\u00e9 z\u00e1konom \u2013 org\u00e1ny \u0161t\u00e1tnej spr\u00e1vy pre \u00fa\u010dely vy\u0161etrovania a vykon\u00e1vania kontroly.<\/span>\n<h2><span style=\"font-size: 18pt;\">Ak\u00e9 m\u00e1me procesy pri \u00faniku d\u00e1t<\/span><\/h2>\n<span style=\"font-size: 14pt;\">V pr\u00edpade, \u017ee d\u00f4jde k zisteniu, \u017ee do\u0161lo k \u00faniku osobn\u00fdch \u00fadajov z na\u0161ich webov\u00fdch str\u00e1nok, nahlasujeme \u00fanik tak\u00fdchto osobn\u00fdch \u00fadajov na \u00farade na ochranu osobn\u00fdch \u00fadajov prostredn\u00edctvom oznamovacieho formul\u00e1ra na str\u00e1nkach \u00faradu: <a href=\"https:\/\/dataprotection.gov.sk\/uoou\/sk\/dp\/dp-breach\">https:\/\/dataprotection.gov.sk\/uoou\/sk\/dp\/dp-breach<\/a><\/span>\n<h2><span style=\"font-size: 18pt;\">Bezpe\u010dnos\u0165 platobn\u00fdch oper\u00e1ci\u00ed<\/span><\/h2>\n<span style=\"font-size: 14pt;\">Pri objedn\u00e1vke, pri bankovom prevode nezad\u00e1vajte \u017eiadne inform\u00e1cie, ktor\u00e9 by sa priamo t\u00fdkali pr\u00e1ce s peniazmi na va\u0161ich \u00fa\u010dtoch. V\u0161etky platby s\u00fa realizovan\u00e9 pod\u013ea va\u0161ich preferenci\u00ed \u2013 dobierkou alebo bezhotovostne internetov\u00fdm bankovn\u00edctvom. Pri platbe prostredn\u00edctvom internetov\u00e9ho bankovn\u00edctva neprich\u00e1dzame do styku s va\u0161imi platobn\u00fdmi \u00fadajmi.<\/span>","protected":false},"excerpt":{"rendered":"<p>Kto sme E-shop https:\/\/www.lama-bfc.sk je prev\u00e1dzkovan\u00fd spolo\u010dnos\u0165ou LAMA (Ing. Andrea Saynykov\u00e1, Obi\u0161ovce 54, 044 81 Ko\u0161ice.I\u010cO:47985984, zap\u00edsanou v odbore \u017eivnostensk\u00e9ho podnikania Komensk\u00e9ho 52, 041 26 Ko\u0161ice). &#8211; K sprac\u00favaniu Va\u0161ich osobn\u00fdch \u00fadajov pristupujeme len z\u00e1konn\u00fdm sp\u00f4sobom, profesion\u00e1lne a citlivo &#8211; Va\u0161e osobn\u00e9 \u00fadaje s\u00fa ulo\u017een\u00e9 v zabezpe\u010denom informa\u010dnom syst\u00e9me s SSL \u0161ifrovan\u00fdm pr\u00edstupom a firewallom [&hellip;]<\/p>\n","protected":false},"author":24,"featured_media":0,"parent":0,"menu_order":0,"comment_status":"closed","ping_status":"closed","template":"","meta":{"footnotes":""},"class_list":["post-1223","page","type-page","status-publish","hentry","no-thumb"],"jetpack_sharing_enabled":true,"_links":{"self":[{"href":"https:\/\/www.lama-bfc.sk\/sk\/wp-json\/wp\/v2\/pages\/1223","targetHints":{"allow":["GET"]}}],"collection":[{"href":"https:\/\/www.lama-bfc.sk\/sk\/wp-json\/wp\/v2\/pages"}],"about":[{"href":"https:\/\/www.lama-bfc.sk\/sk\/wp-json\/wp\/v2\/types\/page"}],"author":[{"embeddable":true,"href":"https:\/\/www.lama-bfc.sk\/sk\/wp-json\/wp\/v2\/users\/24"}],"replies":[{"embeddable":true,"href":"https:\/\/www.lama-bfc.sk\/sk\/wp-json\/wp\/v2\/comments?post=1223"}],"version-history":[{"count":4,"href":"https:\/\/www.lama-bfc.sk\/sk\/wp-json\/wp\/v2\/pages\/1223\/revisions"}],"predecessor-version":[{"id":4314,"href":"https:\/\/www.lama-bfc.sk\/sk\/wp-json\/wp\/v2\/pages\/1223\/revisions\/4314"}],"wp:attachment":[{"href":"https:\/\/www.lama-bfc.sk\/sk\/wp-json\/wp\/v2\/media?parent=1223"}],"curies":[{"name":"wp","href":"https:\/\/api.w.org\/{rel}","templated":true}]}}