{"id":1223,"date":"2021-03-04T12:10:04","date_gmt":"2021-03-04T11:10:04","guid":{"rendered":"https:\/\/www2.lama-bfc.sk\/?page_id=1223"},"modified":"2024-11-26T14:47:09","modified_gmt":"2024-11-26T13:47:09","slug":"zasady-ochrany-osobnych-udajov","status":"publish","type":"page","link":"https:\/\/www.lama-bfc.sk\/hu\/a-szemelyes-adatok-vedelmere-vonatkozo-szabalyok\/","title":{"rendered":"Adatv\u00e9delmi ir\u00e1nyelvek"},"content":{"rendered":"<h2><span style=\"font-size: 18pt;\">Kik vagyunk<\/span><\/h2>\n<span style=\"font-size: 14pt;\"><!-- \/wp:post-content --><!-- wp:paragraph --><\/span>\n\n<span style=\"font-size: 14pt;\">A https:\/\/www.lama-bfc.sk web\u00e1ruh\u00e1zat a LAMA (Ing. Andrea Saynykov\u00e1, Obi\u0161ovce 54, 044 81 Ko\u0161ice.ID:47985984, bejegyezve a kereskedelmi enged\u00e9lyez\u00e9si oszt\u00e1lyon Komensk\u00e9ho 52, 041 26 Ko\u0161ice).<\/span>\n\n<span style=\"font-size: 14pt;\">- Szem\u00e9lyes adatait kiz\u00e1r\u00f3lag t\u00f6rv\u00e9nyes, szakszer\u0171 \u00e9s \u00e9rz\u00e9keny m\u00f3don kezelj\u00fck.<\/span>\n<span style=\"font-size: 14pt;\">- Az \u00d6n szem\u00e9lyes adatait biztons\u00e1gos inform\u00e1ci\u00f3s rendszerben t\u00e1roljuk, SSL titkos\u00edtott hozz\u00e1f\u00e9r\u00e9ssel \u00e9s t\u0171zfallal a weboldalunkon.<\/span>\n<span style=\"font-size: 14pt;\">- Minden olyan szem\u00e9ly, aki az adatkezel\u0151 r\u00e9sz\u00e9r\u0151l kapcsolatba ker\u00fcl az \u00d6n szem\u00e9lyes adataival, megfelel\u0151 t\u00e1j\u00e9koztat\u00e1st kap a szem\u00e9lyes adatok jogszer\u0171 kezel\u00e9s\u00e9r\u0151l, \u00e9s titoktart\u00e1si k\u00f6telezetts\u00e9g terheli (a csomag felad\u00f3ja \u00e9s a web\u00e1ruh\u00e1z adminisztr\u00e1tora).<\/span>\n\n<span style=\"font-size: 14pt;\">- Csak azokat az adatokat gy\u0171jtj\u00fck \u00d6nt\u0151l, amelyek sz\u00fcks\u00e9gesek ahhoz, hogy teljes\u00edts\u00fck azt a c\u00e9lt, ami\u00e9rt \u00d6n kapcsolatba l\u00e9pett vel\u00fcnk.<\/span>\n<span style=\"font-size: 14pt;\">&#8211; m\u00f4\u017eete n\u00e1s kedyko\u013evek po\u017eiada\u0165 o zmazanie hist\u00f3rie na\u0161ej e-mailovej komunik\u00e1cie, datab\u00e1ze objedn\u00e1vok \u010di kompletn\u00e9ho \u00fa\u010dtu z n\u00e1\u0161ho syst\u00e9mu a to emailom na adresu lamabfc@gmail.com<\/span>\n<h2><span style=\"font-size: 18pt;\">Milyen szem\u00e9lyes adatokat gy\u0171jt\u00fcnk \u00e9s mi\u00e9rt gy\u0171jtj\u00fck azokat<\/span><\/h2>\n<span style=\"font-size: 14pt;\"><!-- \/wp:paragraph --><!-- wp:heading \/--><!-- wp:heading {\"level\":3} --><\/span>\n\n<strong><span style=\"font-size: 14pt;\">Megjegyz\u00e9sek<\/span><\/strong>\n\n<span style=\"font-size: 14pt;\"><!-- \/wp:heading --><!-- wp:paragraph --><\/span>\n\n<span style=\"font-size: 14pt;\">Amikor a webhely l\u00e1togat\u00f3i hozz\u00e1sz\u00f3l\u00e1sokat hagynak a webhelyen, a spam-v\u00e9delem \u00e9rdek\u00e9ben \u00f6sszegy\u0171jtj\u00fck a hozz\u00e1sz\u00f3l\u00e1si \u0171rlapon megjelen\u0151 adatokat, valamint a felhaszn\u00e1l\u00f3k IP-c\u00edm\u00e9t \u00e9s a b\u00f6ng\u00e9sz\u0151 user-agentj\u00e9t.<\/span>\n\n<span style=\"font-size: 14pt;\"><!-- \/wp:paragraph --><!-- wp:paragraph --><\/span>\n\n<span style=\"font-size: 14pt;\">Az \u00d6n e-mail c\u00edm\u00e9b\u0151l l\u00e9trehozott anonimiz\u00e1lt karakterl\u00e1ncot (m\u00e1s n\u00e9ven hash-t) a Gravatar sz\u00e1m\u00e1ra meg lehet adni, hogy ellen\u0151rizze, hogy \u00d6n haszn\u00e1lja-e azt. A Gravatar adatv\u00e9delmi ir\u00e1nyelvei a k\u00f6vetkez\u0151 c\u00edmen tal\u00e1lhat\u00f3k: https:\/\/automattic.com\/privacy\/. Miut\u00e1n a hozz\u00e1sz\u00f3l\u00e1s\u00e1t j\u00f3v\u00e1hagyt\u00e1k, az \u00d6n profilk\u00e9pe nyilv\u00e1nosan megjelenik a hozz\u00e1sz\u00f3l\u00e1s tartalm\u00e1val egy\u00fctt.<\/span>\n\n<span style=\"font-size: 14pt;\"><!-- \/wp:paragraph --><!-- wp:heading {\"level\":3} --><\/span>\n<h3><span style=\"font-size: 14pt;\">Multim\u00e9dia<\/span><\/h3>\n<span style=\"font-size: 14pt;\"><!-- \/wp:heading --><!-- wp:paragraph --><\/span>\n\n<span style=\"font-size: 14pt;\">Ha k\u00e9peket t\u00f6lt fel egy weboldalra, ker\u00fclje az EXIF GPS-helyadatokkal ell\u00e1tott k\u00e9pek felt\u00f6lt\u00e9s\u00e9t. A webhely l\u00e1togat\u00f3i let\u00f6lthetnek \u00e9s megtekinthetnek b\u00e1rmilyen helymeghat\u00e1roz\u00e1si adatot a k\u00e9pekr\u0151l.<\/span>\n\n<span style=\"font-size: 14pt;\"><!-- \/wp:paragraph --><!-- wp:heading {\"level\":3} --><\/span>\n<h3><span style=\"font-size: 14pt;\">Kapcsolatfelv\u00e9teli \u0171rlapok<\/span><\/h3>\n<span style=\"font-size: 14pt;\">Amikor a webhely l\u00e1togat\u00f3i \u00fczenetet hagynak a webhelyen, a spamek elleni v\u00e9delem \u00e9rdek\u00e9ben \u00f6sszegy\u0171jtj\u00fck az \u0171rlapon megadott adatokat, valamint a felhaszn\u00e1l\u00f3 IP-c\u00edm\u00e9t \u00e9s a b\u00f6ng\u00e9sz\u0151 user-agentj\u00e9t.<\/span>\n\n<span style=\"font-size: 14pt;\"><!-- \/wp:heading --><!-- wp:heading {\"level\":3} --><\/span>\n\n<strong><span style=\"font-size: 14pt;\">S\u00fctik<\/span><\/strong>\n\n<span style=\"font-size: 14pt;\"><!-- \/wp:heading --><!-- wp:paragraph --><\/span>\n\n<span style=\"font-size: 14pt;\">Ha hozz\u00e1sz\u00f3l\u00e1st \u00edr oldalunkon, hozz\u00e1j\u00e1rulhat ahhoz, hogy nev\u00e9t, e-mail c\u00edm\u00e9t \u00e9s weboldal\u00e1t a cookie-kban t\u00e1roljuk. Ez az \u00d6n k\u00e9nyelm\u00e9t szolg\u00e1lja, hogy ne kelljen \u00fajra kit\u00f6ltenie adatait, amikor \u00fajabb hozz\u00e1sz\u00f3l\u00e1st \u00edr. Ezek a s\u00fctik egy \u00e9vig \u00e9rv\u00e9nyesek.<\/span>\n\n<span style=\"font-size: 14pt;\"><!-- \/wp:paragraph --><!-- wp:paragraph --><\/span>\n\n<span style=\"font-size: 14pt;\">Ha van fi\u00f3kja a weboldalunkon, \u00e9s bejelentkezik, akkor ideiglenes s\u00fctiket t\u00e1rolunk, hogy meg\u00e1llap\u00edtsuk, hogy az \u00d6n b\u00f6ng\u00e9sz\u0151je elfogadja-e a s\u00fctiket. Ezek a s\u00fctik nem tartalmaznak szem\u00e9lyes adatokat, \u00e9s a b\u00f6ng\u00e9sz\u0151 bez\u00e1r\u00e1sakor t\u00f6rl\u0151dnek.<\/span>\n\n<span style=\"font-size: 14pt;\"><!-- \/wp:paragraph --><!-- wp:paragraph --><\/span>\n\n<span style=\"font-size: 14pt;\">Amikor bejelentkezik, sz\u00e1mos s\u00fctit \u00e1ll\u00edtunk be a bejelentkez\u00e9si adatok \u00e9s a megjelen\u00edt\u00e9si be\u00e1ll\u00edt\u00e1sok t\u00e1rol\u00e1s\u00e1ra. A bejelentkez\u00e9si s\u00fctik k\u00e9t napig, a megjelen\u00edt\u00e9si be\u00e1ll\u00edt\u00e1sok pedig egy \u00e9vig \u00e9rv\u00e9nyesek. Ha a \"megjegyezni\" opci\u00f3t v\u00e1lasztja, akkor a bejelentkez\u00e9se k\u00e9t h\u00e9tig \u00e9rv\u00e9nyes. Amikor kijelentkezik a fi\u00f3kj\u00e1b\u00f3l, a cookie-k t\u00f6rl\u0151dnek.<\/span>\n\n<span style=\"font-size: 14pt;\"><!-- \/wp:paragraph --><!-- wp:paragraph --><\/span>\n\n<span style=\"font-size: 14pt;\">Amikor szerkeszt vagy k\u00f6zz\u00e9tesz egy cikket, tov\u00e1bbi s\u00fctik ker\u00fclnek t\u00e1rol\u00e1sra a b\u00f6ng\u00e9sz\u0151j\u00e9ben. Ezek a cookie-k nem tartalmaznak szem\u00e9lyes adatokat, \u00e9s csak az \u00d6n \u00e1ltal szerkesztett cikk azonos\u00edt\u00f3j\u00e1ra utalnak. A f\u00e1jlok 1 napig \u00e9rv\u00e9nyesek.<\/span>\n\n<span style=\"font-size: 14pt;\"><!-- \/wp:paragraph --><!-- wp:heading {\"level\":3} --><\/span>\n\n<strong><span style=\"font-size: 14pt;\">Be\u00e1gyazott tartalom m\u00e1s webhelyekr\u0151l<\/span><\/strong>\n\n<span style=\"font-size: 14pt;\"><!-- \/wp:heading --><!-- wp:paragraph --><\/span>\n\n<span style=\"font-size: 14pt;\">A weboldalon tal\u00e1lhat\u00f3 cikkek be\u00e1gyazott tartalmat (pl. vide\u00f3kat, k\u00e9peket, cikkeket stb.) tartalmazhatnak. A m\u00e1s webhelyekr\u0151l sz\u00e1rmaz\u00f3 be\u00e1gyazott tartalom ugyan\u00fagy viselkedik, mintha a l\u00e1togat\u00f3 egy m\u00e1sik webhelyet l\u00e1togatott volna meg.<\/span>\n\n<span style=\"font-size: 14pt;\"><!-- \/wp:paragraph --><!-- wp:paragraph --><\/span>\n\n<span style=\"font-size: 14pt;\">Ezek a webhelyek szem\u00e9lyes adatokat gy\u0171jthetnek \u00d6nr\u0151l, cookie-kat haszn\u00e1lhatnak, harmadik f\u00e9l \u00e1ltal v\u00e9gzett nyomk\u00f6vet\u00e9st \u00e1gyazhatnak be, \u00e9s nyomon k\u00f6vethetik a be\u00e1gyazott tartalommal val\u00f3 interakci\u00f3j\u00e1t, bele\u00e9rtve a be\u00e1gyazott tartalommal val\u00f3 interakci\u00f3j\u00e1nak nyomon k\u00f6vet\u00e9s\u00e9t, ha \u00d6n rendelkezik fi\u00f3kkal \u00e9s be van jelentkezve az adott webhelyre.<\/span>\n\n<span style=\"font-size: 14pt;\"><!-- \/wp:paragraph --><!-- wp:heading {\"level\":3} --><\/span>\n\n<strong><span style=\"font-size: 14pt;\">Analitika<\/span><\/strong>\n<div><span style=\"font-size: 14pt;\">Amikor \u00d6n b\u00f6ng\u00e9szik a webhelyet, elemz\u00e9si c\u00e9lokb\u00f3l olyan adatokat gy\u0171jt\u00fcnk, mint az IP-c\u00edm, a tart\u00f3zkod\u00e1si hely \u00e9s a felhaszn\u00e1l\u00f3-\u00fcgyn\u00f6k.<\/span><\/div>\n<div><\/div>\n<span style=\"font-size: 14pt;\"><!-- \/wp:heading --><!-- wp:heading --><\/span>\n<h2><span style=\"font-size: 18pt;\">Kivel osztjuk meg az \u00d6n adatait<\/span><\/h2>\n<span style=\"font-size: 14pt;\">\u00a0Nem adunk \u00e1t adatokat harmadik f\u00e9lnek. A weboldalunkon l\u00e9v\u0151 felhaszn\u00e1l\u00f3i fi\u00f3kokat, az \u00d6n megrendel\u00e9seit, \u00fczeneteit saj\u00e1t szerver\u00fcnk\u00f6n t\u00e1roljuk, \u00e9s soha nem adjuk \u00e1t harmadik f\u00e9lnek.<\/span>\n\n<span style=\"font-size: 14pt;\"><!-- \/wp:heading --><!-- wp:heading --><\/span>\n<h2><span style=\"font-size: 18pt;\">Mennyi ideig t\u00e1roljuk az \u00d6n adatait<\/span><\/h2>\n<span style=\"font-size: 14pt;\"><!-- \/wp:heading --><!-- wp:paragraph --><\/span>\n\n<span style=\"font-size: 14pt;\">Megjegyz\u00e9s hozz\u00e1ad\u00e1sakor a megjegyz\u00e9s \u00e9s a metaadatok k\u00fcl\u00f6n maradnak. Ez lehet\u0151v\u00e9 teszi sz\u00e1munkra, hogy automatikusan felismerj\u00fck \u00e9s j\u00f3v\u00e1hagyjuk a kapcsol\u00f3d\u00f3 megjegyz\u00e9seket, an\u00e9lk\u00fcl, hogy moder\u00e1l\u00e1sra v\u00e1rakoztatn\u00e1nk \u0151ket.<\/span>\n\n<span style=\"font-size: 14pt;\"><!-- \/wp:paragraph --><!-- wp:paragraph --><\/span>\n\n<span style=\"font-size: 14pt;\">A weboldalunkon regisztr\u00e1l\u00f3 felhaszn\u00e1l\u00f3k eset\u00e9ben (ha vannak ilyenek) az \u00e1ltaluk megadott szem\u00e9lyes adatokat a felhaszn\u00e1l\u00f3i profiljukban is t\u00e1roljuk. Minden felhaszn\u00e1l\u00f3 b\u00e1rmikor megtekintheti, szerkesztheti vagy t\u00f6r\u00f6lheti szem\u00e9lyes adatait (kiv\u00e9ve a felhaszn\u00e1l\u00f3i m\u00f3dos\u00edt\u00e1sokat). A weboldal adminisztr\u00e1torai szint\u00e9n megtekinthetik \u00e9s szerkeszthetik ezeket az adatokat.<\/span>\n\n<span style=\"font-size: 14pt;\"><!-- \/wp:paragraph --><!-- wp:heading --><\/span>\n<h2><span style=\"font-size: 18pt;\">Milyen jogai vannak az adatai felett<\/span><\/h2>\n<span style=\"font-size: 14pt;\"><!-- \/wp:heading --><!-- wp:paragraph --><\/span>\n\n<span style=\"font-size: 14pt;\">Ha van fi\u00f3kja ezen a weboldalon, vagy hozz\u00e1sz\u00f3l\u00e1st tett k\u00f6zz\u00e9 itt, k\u00e9rheti az \u00d6nr\u0151l t\u00e1rolt szem\u00e9lyes adatok export\u00e1l\u00e1s\u00e1t, bele\u00e9rtve az \u00d6n \u00e1ltal megadott adatokat is. K\u00e9rheti szem\u00e9lyes adatainak t\u00f6rl\u00e9s\u00e9t is. Ez azonban nem vonatkozik azokra az adatokra, amelyeket adminisztrat\u00edv, jogi vagy biztons\u00e1gi okokb\u00f3l meg kell \u0151rizn\u00fcnk \u00d6nr\u0151l.<\/span>\n\n<span style=\"font-size: 14pt;\"><!-- \/wp:paragraph --><!-- wp:heading --><\/span>\n<h2><span style=\"font-size: 18pt;\">Hov\u00e1 k\u00fcldj\u00fck az \u00d6n adatait<\/span><\/h2>\n<span style=\"font-size: 14pt;\"><!-- \/wp:heading --><!-- wp:paragraph --><\/span>\n\n<span style=\"font-size: 14pt;\">A l\u00e1togat\u00f3k hozz\u00e1sz\u00f3l\u00e1sait egy automatikus spam-felismer\u0151 szolg\u00e1ltat\u00e1s ellen\u0151rizheti.<\/span>\n\n<span style=\"font-size: 14pt;\"><!-- \/wp:paragraph --><!-- wp:heading --><\/span>\n<h2><span style=\"font-size: 18pt;\">Az \u00d6n el\u00e9rhet\u0151s\u00e9gei<\/span><\/h2>\n<span style=\"font-size: 14pt;\">A www.lama-bfc.sk web\u00e1ruh\u00e1z t\u00e1rolja az \u00d6n szem\u00e9lyes adatait abban az esetben, ha \u00d6n a mi \u00fcgyfel\u00fcnk, \u00e9s az online \u00e1ruh\u00e1zon kereszt\u00fcl regisztr\u00e1lt.<\/span>\n\n<span style=\"font-size: 14pt;\">A regisztr\u00e1lt felhaszn\u00e1l\u00f3kr\u00f3l a k\u00f6vetkez\u0151 inform\u00e1ci\u00f3kat t\u00e1roljuk, amelyek k\u00f6telez\u0151ek, ha \u00d6n az \u00fczlet\u00fcnk v\u00e1s\u00e1rl\u00f3ja:<\/span>\n<ul>\n \t<li><span style=\"font-size: 14pt;\">N\u00e9v \u00e9s vezet\u00e9kn\u00e9v<\/span><\/li>\n \t<li><span style=\"font-size: 14pt;\">E-mail<\/span><\/li>\n \t<li><span style=\"font-size: 14pt;\">Az \u00fcgyf\u00e9l sz\u00e1ml\u00e1z\u00e1si c\u00edme<\/span>\n<ul>\n \t<li><span style=\"font-size: 14pt;\">keresztn\u00e9v<\/span><\/li>\n \t<li><span style=\"font-size: 14pt;\">vezet\u00e9kn\u00e9v<\/span><\/li>\n \t<li><span style=\"font-size: 14pt;\">c\u00e9gn\u00e9v<\/span><\/li>\n \t<li><span style=\"font-size: 14pt;\">c\u00edm:<\/span><\/li>\n \t<li><span style=\"font-size: 14pt;\">V\u00e1ros<\/span><\/li>\n \t<li><span style=\"font-size: 14pt;\">POSTAC\u00cdM<\/span><\/li>\n \t<li><span style=\"font-size: 14pt;\">Telefon<\/span><\/li>\n<\/ul>\n<\/li>\n \t<li><span style=\"font-size: 14pt;\">Az \u00fcgyf\u00e9l sz\u00e1ll\u00edt\u00e1si c\u00edme<\/span>\n<ul>\n \t<li><span style=\"font-size: 14pt;\">keresztn\u00e9v<\/span><\/li>\n \t<li><span style=\"font-size: 14pt;\">vezet\u00e9kn\u00e9v<\/span><\/li>\n \t<li><span style=\"font-size: 14pt;\">c\u00e9gn\u00e9v<\/span><\/li>\n \t<li><span style=\"font-size: 14pt;\">c\u00edm:<\/span><\/li>\n \t<li><span style=\"font-size: 14pt;\">V\u00e1ros<\/span><\/li>\n \t<li><span style=\"font-size: 14pt;\">POSTAC\u00cdM<\/span><\/li>\n<\/ul>\n<\/li>\n \t<li><span style=\"font-size: 14pt;\">Ezeket az adatokat elektronikus form\u00e1ban t\u00e1rolj\u00e1k. Ha az egy\u00fcttm\u0171k\u00f6d\u00e9s megsz\u0171n\u00e9se ut\u00e1n t\u00f6r\u00f6lni k\u00edv\u00e1nja adatait, k\u00e9rj\u00fck, k\u00e9rje t\u0151l\u00fcnk e-mailben vagy online. <a href=\"https:\/\/www.lama-bfc.sk\/hu\/formular-na-zrusenie-spracovania-osobnych-udajov\/?wmc-currency=HUF\">online \u0171rlap<\/a>. Az \u00d6n adatai visszavonhatatlanul t\u00f6rl\u00e9sre ker\u00fclnek.<\/span><\/li>\n<\/ul>\n<span style=\"font-size: 14pt;\"><!-- \/wp:heading --><!-- wp:heading --><\/span>\n<h2><span style=\"font-size: 18pt;\">Hogyan v\u00e9dj\u00fck az \u00d6n adatait<\/span><\/h2>\n<span style=\"font-size: 14pt;\">Az adat\u00e1tvitel titkos\u00edt\u00e1ssal biztos\u00edtott. Az adatokat egy biztons\u00e1gos adatb\u00e1zisban t\u00e1roljuk, amelyhez enged\u00e9lyezett hozz\u00e1f\u00e9r\u00e9s sz\u00fcks\u00e9ges, \u00e9s amelyet v\u00e9d\u00fcnk a s\u00e9r\u00fcl\u00e9s, megsemmis\u00fcl\u00e9s, elveszt\u00e9s vagy vissza\u00e9l\u00e9s ellen. Az adatokkal kapcsolatba ker\u00fcl\u0151 \u00f6sszes munkat\u00e1rsunk megfelel\u0151 oktat\u00e1sban r\u00e9szes\u00fclt az adatok helyes kezel\u00e9s\u00e9re vonatkoz\u00f3an. Szem\u00e9lyes adatait nem osztjuk meg, nem adjuk ki \u00e9s nem adjuk \u00e1t harmadik f\u00e9lnek. Kiv\u00e9telt k\u00e9pezhetnek a t\u00f6rv\u00e9ny \u00e1ltal kimer\u00edt\u0151en meghat\u00e1rozott esetek - korm\u00e1nyzati hat\u00f3s\u00e1gok vizsg\u00e1lat \u00e9s ellen\u0151rz\u00e9s c\u00e9lj\u00e1b\u00f3l.<\/span>\n<h2><span style=\"font-size: 18pt;\">Milyen folyamataink vannak az adatsziv\u00e1rg\u00e1sok eset\u00e9n<\/span><\/h2>\n<span style=\"font-size: 14pt;\">Abban az esetben, ha tudom\u00e1st szerz\u00fcnk arr\u00f3l, hogy szem\u00e9lyes adatok sziv\u00e1rogtak ki a weboldalunkr\u00f3l, az ilyen szem\u00e9lyes adatok kisziv\u00e1rg\u00e1s\u00e1t jelentj\u00fck az Adatv\u00e9delmi Hat\u00f3s\u00e1gnak a Hat\u00f3s\u00e1g weboldal\u00e1n tal\u00e1lhat\u00f3 bejelent\u00e9si \u0171rlapon: <a href=\"https:\/\/dataprotection.gov.sk\/uoou\/sk\/dp\/dp-breach\">https:\/\/dataprotection.gov.sk\/uoou\/sk\/dp\/dp-breach<\/a><\/span>\n<h2><span style=\"font-size: 18pt;\">A fizet\u00e9si m\u0171veletek biztons\u00e1ga<\/span><\/h2>\n<span style=\"font-size: 14pt;\">A megrendel\u00e9s lead\u00e1sakor k\u00e9rj\u00fck, hogy banki \u00e1tutal\u00e1skor ne adjon meg semmilyen olyan inform\u00e1ci\u00f3t, amely k\u00f6zvetlen\u00fcl kapcsol\u00f3dik a sz\u00e1ml\u00e1j\u00e1n l\u00e9v\u0151 p\u00e9nz kezel\u00e9s\u00e9hez. Minden fizet\u00e9s az \u00d6n preferenci\u00e1ja szerint t\u00f6rt\u00e9nik - ut\u00e1nv\u00e9t vagy k\u00e9szp\u00e9nzmentes internetes banki fizet\u00e9s. Az internetes banki fizet\u00e9skor nem ker\u00fcl\u00fcnk kapcsolatba az \u00d6n fizet\u00e9si adataival.<\/span>","protected":false},"excerpt":{"rendered":"<p>Kto sme E-shop https:\/\/www.lama-bfc.sk je prev\u00e1dzkovan\u00fd spolo\u010dnos\u0165ou LAMA (Ing. Andrea Saynykov\u00e1, Obi\u0161ovce 54, 044 81 Ko\u0161ice.I\u010cO:47985984, zap\u00edsanou v odbore \u017eivnostensk\u00e9ho podnikania Komensk\u00e9ho 52, 041 26 Ko\u0161ice). &#8211; K sprac\u00favaniu Va\u0161ich osobn\u00fdch \u00fadajov pristupujeme len z\u00e1konn\u00fdm sp\u00f4sobom, profesion\u00e1lne a citlivo &#8211; Va\u0161e osobn\u00e9 \u00fadaje s\u00fa ulo\u017een\u00e9 v zabezpe\u010denom informa\u010dnom syst\u00e9me s SSL \u0161ifrovan\u00fdm pr\u00edstupom a firewallom [&hellip;]<\/p>","protected":false},"author":24,"featured_media":0,"parent":0,"menu_order":0,"comment_status":"closed","ping_status":"closed","template":"","meta":{"footnotes":""},"class_list":["post-1223","page","type-page","status-publish","hentry","no-thumb"],"jetpack_sharing_enabled":true,"_links":{"self":[{"href":"https:\/\/www.lama-bfc.sk\/hu\/wp-json\/wp\/v2\/pages\/1223","targetHints":{"allow":["GET"]}}],"collection":[{"href":"https:\/\/www.lama-bfc.sk\/hu\/wp-json\/wp\/v2\/pages"}],"about":[{"href":"https:\/\/www.lama-bfc.sk\/hu\/wp-json\/wp\/v2\/types\/page"}],"author":[{"embeddable":true,"href":"https:\/\/www.lama-bfc.sk\/hu\/wp-json\/wp\/v2\/users\/24"}],"replies":[{"embeddable":true,"href":"https:\/\/www.lama-bfc.sk\/hu\/wp-json\/wp\/v2\/comments?post=1223"}],"version-history":[{"count":4,"href":"https:\/\/www.lama-bfc.sk\/hu\/wp-json\/wp\/v2\/pages\/1223\/revisions"}],"predecessor-version":[{"id":4314,"href":"https:\/\/www.lama-bfc.sk\/hu\/wp-json\/wp\/v2\/pages\/1223\/revisions\/4314"}],"wp:attachment":[{"href":"https:\/\/www.lama-bfc.sk\/hu\/wp-json\/wp\/v2\/media?parent=1223"}],"curies":[{"name":"wp","href":"https:\/\/api.w.org\/{rel}","templated":true}]}}