{"id":1220,"date":"2021-03-04T12:06:56","date_gmt":"2021-03-04T11:06:56","guid":{"rendered":"https:\/\/www2.lama-bfc.sk\/?page_id=1220"},"modified":"2024-11-26T14:42:37","modified_gmt":"2024-11-26T13:42:37","slug":"vseobecne-obchodne-podmienky","status":"publish","type":"page","link":"https:\/\/www.lama-bfc.sk\/hu\/altalanos-feltetelek\/","title":{"rendered":"\u00c1ltal\u00e1nos Szerz\u0151d\u00e9si Felt\u00e9telek"},"content":{"rendered":"<div class=\"wpb-content-wrapper\"><div class=\"vc_row wpb_row vc_row-fluid\"><div class=\"container\"><div class=\"row\"><div class=\"wpb_column vc_column_container vc_col-sm-12\"><div class=\"vc_column-inner\"><div class=\"wpb_wrapper\">\n\t<div class=\"wpb_text_column wpb_content_element\" >\n\t\t<div class=\"wpb_wrapper\">\n\t\t\t<p><strong>\u00c1ltal\u00e1nos Szerz\u0151d\u00e9si Felt\u00e9telek \u00e9s Rec1TP4Szab\u00e1lyok \u00e9s felt\u00e9telek<\/strong><\/p>\n<p><strong>Z<\/strong><strong>ALAPINFORM\u00c1CI\u00d3K<\/strong><\/p>\n<p>Ezek a felt\u00e9telek a www.lama-bfc.sk web\u00e1ruh\u00e1zban az elad\u00f3 \u00e9s a vev\u0151 k\u00f6z\u00f6tt a t\u00e1vollev\u0151k k\u00f6z\u00f6tt a t\u00e1vollev\u0151k k\u00f6z\u00f6tt k\u00f6t\u00f6tt szerz\u0151d\u00e9sekre vonatkoznak a t\u00e1vollev\u0151k k\u00f6z\u00f6tt k\u00f6t\u00f6tt szerz\u0151d\u00e9s keret\u00e9ben t\u00f6rt\u00e9n\u0151 term\u00e9k\u00e9rt\u00e9kes\u00edt\u00e9s vagy szolg\u00e1ltat\u00e1sny\u00fajt\u00e1s sor\u00e1n a fogyaszt\u00f3v\u00e9delemr\u0151l sz\u00f3l\u00f3 102\/2014. sz. t\u00f6rv\u00e9ny \u00e9rtelm\u00e9ben.<\/p>\n<p>Az elad\u00f3:<\/p>\n<p>Ing. Andrea Saynykov\u00e1 - LAMA<br \/>\nObisovce 54<br \/>\n04481 Obi\u0161ovce<br \/>\nID: 47985984 tel: 0907 287 430,<br \/>\nE-mail: lamabfc@gmail.com,<br \/>\na kereskedelem ter\u00fclet\u00e9n bejegyzett v\u00e1llalkoz\u00e1s Komensk\u00e9ho 52, 041 26 Ko\u0161ice.<\/p>\n<p>A vev\u0151 fogyaszt\u00f3, azaz olyan term\u00e9szetes szem\u00e9ly, aki a fogyaszt\u00f3i szerz\u0151d\u00e9s megk\u00f6t\u00e9sekor \u00e9s teljes\u00edt\u00e9sekor nem a munkaviszonyban vagy hivat\u00e1sszer\u0171en v\u00e9gzett \u00fczleti tev\u00e9kenys\u00e9ge keret\u00e9ben j\u00e1r el. A gazd\u00e1lkod\u00f3 szervezet \u00e1ltal v\u00e9gzett v\u00e1s\u00e1rl\u00e1sokra a kereskedelmi t\u00f6rv\u00e9nyk\u00f6nyv 513\/1991. sz. A megrendel\u00e9s lead\u00e1s\u00e1val a Vev\u0151 meger\u0151s\u00edti, hogy elfogadja az \u00c1ltal\u00e1nos Szerz\u0151d\u00e9si Felt\u00e9teleket, \u00e9s ezek vonatkoznak az Elad\u00f3 \u00e9s a Vev\u0151 k\u00f6z\u00f6tti minden kapcsolatra az \u00e1ruk megrendel\u00e9sekor \u00e9s az \u00e1rukkal kapcsolatos k\u00f6vetel\u00e9sekre.<\/p>\n<p>A fogyaszt\u00f3v\u00e9delmi fel\u00fcgyeleti hat\u00f3s\u00e1g a Kassai R\u00e9gi\u00f3 SOI Fel\u00fcgyel\u0151s\u00e9ge, Vr\u00e1tna 3, p.o. box A-35, 040 65 Ko\u0161ice 1, Fel\u00fcgyeleti Oszt\u00e1ly.<\/p>\n<p><strong>O<\/strong><strong>megrendel\u00e9s \u00e9s a szerz\u0151d\u00e9s megk\u00f6t\u00e9se<\/strong><\/p>\n<p>A vev\u0151 \u00e1ltal leadott, kit\u00f6lt\u00f6tt megrendel\u00e9s elk\u00fcld\u00e9se a Polg\u00e1ri T\u00f6rv\u00e9nyk\u00f6nyv szerinti szerz\u0151d\u00e9s megk\u00f6t\u00e9s\u00e9re ir\u00e1nyul\u00f3 aj\u00e1nlatnak min\u0151s\u00fcl, amely az elad\u00f3nak a web\u00e1ruh\u00e1zban tett aj\u00e1nlat\u00e1n alapul. A szerz\u0151d\u00e9s megk\u00f6t\u00e9s\u00e9re a megrendel\u00e9snek az elad\u00f3 \u00e1ltali visszaigazol\u00e1s\u00e1val ker\u00fcl sor.<\/p>\n<p>A megrendel\u00e9s elk\u00fcld\u00e9s\u00e9vel a Vev\u0151 elfogadja az \u00c1ltal\u00e1nos Szerz\u0151d\u00e9si Felt\u00e9telek \u00e9s a Reclama szab\u00e1lyzat sz\u00f6veg\u00e9t, valamint a megrendelt \u00e1ru \u00e1r\u00e1t. A megrendel\u00e9s az Elad\u00f3nak t\u00f6rt\u00e9n\u0151 \u00e1tad\u00e1ssal v\u00e1lik k\u00f6telez\u0151v\u00e9.<\/p>\n<p>Miut\u00e1n a web\u00e1ruh\u00e1zban l\u00e9trehozta a megrendel\u00e9st, a vev\u0151 automatikusan kap egy e-mailt, amely meger\u0151s\u00edti, hogy a web\u00e1ruh\u00e1z elfogadta a megrendel\u00e9st. Ezzel egyidej\u0171leg a regisztr\u00e1lt vev\u0151 megrendel\u00e9se el\u00e9rhet\u0151v\u00e9 v\u00e1lik a <a href=\"https:\/\/www.lama-bfc.sk\/hu\/a-szamlam\/?wmc-currency=HUF\">Az \u00e9n sz\u00e1ml\u00e1m<\/a>.<\/p>\n<p>Az Elad\u00f3 fenntartja a jogot, hogy t\u00f6r\u00f6lje a Vev\u0151 megrendel\u00e9s\u00e9t, ha a megrendel\u00e9shez sz\u00fcks\u00e9ges p\u00e9nz\u00f6sszeg nem \u00e9rkezik meg az Elad\u00f3 banksz\u00e1ml\u00e1j\u00e1ra 5 munkanapon bel\u00fcl (vonatkozik az el\u0151re utal\u00e1sos banki fizet\u00e9sre).<\/p>\n<p><strong>C<\/strong><strong>\u00e1rucikkek sokas\u00e1ga<\/strong><\/p>\n<p>A web\u00e1ruh\u00e1zban tal\u00e1lhat\u00f3 term\u00e9kek \u00e1rai v\u00e9glegesek. Az elad\u00f3 nem alanya az \u00c1FA-nak.  A term\u00e9k \u00e1ra nem tartalmazza a sz\u00e1ll\u00edt\u00e1si k\u00f6lts\u00e9get. Ezeket a megrendel\u00e9s befejez\u00e9se el\u0151tt a kos\u00e1rban is felt\u00fcntetj\u00fck, ahol a vev\u0151 a megrendel\u00e9s teljes \u00e1r\u00e1t is l\u00e1tja, bele\u00e9rtve a sz\u00e1ll\u00edt\u00e1si k\u00f6lts\u00e9get is.<\/p>\n<p>Az Elad\u00f3 fenntartja a jogot, hogy indokolt esetben az \u00e1rat megv\u00e1ltoztassa, azonban az Elad\u00f3 k\u00f6teles a Vev\u0151t az \u00e1rv\u00e1ltoz\u00e1sr\u00f3l \u00e9rtes\u00edteni, \u00e9s a Vev\u0151nek az \u00faj \u00e1rat az \u00faj \u00e1ron t\u00f6rt\u00e9n\u0151 teljes\u00edt\u00e9ssel egyidej\u0171leg el kell fogadnia. Ellenkez\u0151 esetben a Vev\u0151nek joga van a megrendel\u00e9st lemondani, lemond\u00e1si d\u00edj n\u00e9lk\u00fcl.<\/p>\n<p><strong>M<\/strong><strong>sz\u00e1ll\u00edt\u00e1si lehet\u0151s\u00e9gek - postak\u00f6lts\u00e9g<\/strong><\/p>\n<p>Az Elad\u00f3 a k\u00f6vetkez\u0151 sz\u00e1ll\u00edt\u00e1si lehet\u0151s\u00e9geket k\u00edn\u00e1lja a Szlov\u00e1k K\u00f6zt\u00e1rsas\u00e1gon bel\u00fcli sz\u00e1ll\u00edt\u00e1shoz:<\/p>\n<p>Szlov\u00e1k Posta - 4\u20ac<\/p>\n<p>Csomag az adagol\u00f3helyre - 4\u20ac<\/p>\n<p>Csomag c\u00edmre 5\u20ac<\/p>\n<p><strong>a Szlov\u00e1k K\u00f6zt\u00e1rsas\u00e1gon k\u00edv\u00fcli post\u00e1z\u00e1s:<\/strong><\/p>\n<p>sz\u00e1ll\u00edt\u00e1s Csehorsz\u00e1g:<\/p>\n<p>Csomagkiad\u00f3 pont - 4\u20ac<\/p>\n<p>Csomag c\u00edmre - 5\u20ac<\/p>\n<p>sz\u00e1ll\u00edt\u00e1s Ausztria:<\/p>\n<p>Csomag c\u00edmre - 6\u20ac<\/p>\n<p>sz\u00e1ll\u00edt\u00e1s Magyarorsz\u00e1gra:<\/p>\n<p>Adagol\u00f3helyenk\u00e9nti csomag: 4\u20ac<\/p>\n<p>Csomag c\u00edmre - 5\u20ac<\/p>\n<p>sz\u00e1ll\u00edt\u00e1s Lengyelorsz\u00e1gban:<\/p>\n<p>Csomag az adagol\u00f3helyre - 5\u20ac<\/p>\n<p>Csomag c\u00edmre - 6\u20ac<\/p>\n<p>sz\u00e1ll\u00edt\u00e1s N\u00e9metorsz\u00e1gba:<\/p>\n<p>Csomag c\u00edmre - 7\u20ac<\/p>\n<p>sz\u00e1ll\u00edt\u00e1s Szlov\u00e9nia:<\/p>\n<p>Csomag az adagol\u00f3helyre - 5\u20ac<\/p>\n<p>Csomag c\u00edmre - 6\u20ac<\/p>\n<p>sz\u00e1ll\u00edt\u00e1s Olaszorsz\u00e1gba:<\/p>\n<p>Adagol\u00f3helyenk\u00e9nti csomag - 8\u20ac<\/p>\n<p>Csomag c\u00edmre - 9\u20ac<\/p>\n<p>sz\u00e1ll\u00edt\u00e1s Franciaorsz\u00e1gba:<\/p>\n<p>Csomag az adagol\u00f3helyre - 7\u20ac<\/p>\n<p>Csomag c\u00edmre - 8\u20ac<\/p>\n<p>Sz\u00e1ll\u00edt\u00e1s Portug\u00e1lia:<\/p>\n<p>Adagol\u00f3helyenk\u00e9nti csomag - 10\u20ac<\/p>\n<p>Csomag c\u00edmre - 11\u20ac<\/p>\n<p>sz\u00e1ll\u00edt\u00e1s Hollandia:<\/p>\n<p>Csomag c\u00edmre - 13\u20ac<\/p>\n<p>Sz\u00e1ll\u00edt\u00e1s Horv\u00e1torsz\u00e1g:<\/p>\n<p>Csomag c\u00edmre - 6\u20ac<\/p>\n<p>Sz\u00e1ll\u00edt\u00e1s Rom\u00e1nia:<\/p>\n<p>Csomag az adagol\u00f3helyre - 5\u20ac<\/p>\n<p>Csomag c\u00edmre - 6\u20ac<\/p>\n<p>Sz\u00e1ll\u00edt\u00e1s G\u00f6r\u00f6gorsz\u00e1gba:<\/p>\n<p>Csomag az adagol\u00f3helyre - 5\u20ac<\/p>\n<p>Csomag c\u00edmre - 7\u20ac<\/p>\n<p>sz\u00e1ll\u00edt\u00e1s Spanyolorsz\u00e1g<\/p>\n<p>Adagol\u00f3helyenk\u00e9nti csomag - 8\u20ac<\/p>\n<p>Csomag c\u00edmre - 9\u20ac<\/p>\n<p>sz\u00e1ll\u00edt\u00e1s Litv\u00e1nia:<\/p>\n<p>Csomag az adagol\u00f3helyre - 5\u20ac<\/p>\n<p>Csomag c\u00edmre - 7\u20ac<\/p>\n<p>sz\u00e1ll\u00edt\u00e1s Lettorsz\u00e1gban:<\/p>\n<p>Csomag az adagol\u00f3helyre - 6\u20ac<\/p>\n<p>Csomag c\u00edmre - 7\u20ac<\/p>\n<p>Luxemburgi sz\u00e1ll\u00edt\u00e1s:<\/p>\n<p>Csomag c\u00edmre - 15\u20ac<\/p>\n<p>sz\u00e1ll\u00edt\u00e1s Belgiumba:<\/p>\n<p>Csomag c\u00edmre - 12\u20ac<\/p>\n<p>sz\u00e1ll\u00edt\u00e1s Bulg\u00e1ria:<\/p>\n<p>Csomag az adagol\u00f3helyre - 5\u20ac<\/p>\n<p>Csomag c\u00edmre - 6\u20ac<\/p>\n<p>Sz\u00e1ll\u00edt\u00e1s D\u00e1nia:<\/p>\n<p>Csomag c\u00edmre - 15\u20ac<\/p>\n<p>sz\u00e1ll\u00edt\u00e1s \u00c9sztorsz\u00e1g:<\/p>\n<p>Csomag az adagol\u00f3helyre - 6\u20ac<\/p>\n<p>Csomag c\u00edmre - 9\u20ac<\/p>\n<p>sz\u00e1ll\u00edt\u00e1s Sv\u00e9dorsz\u00e1gba:<\/p>\n<p>Csomag az adagol\u00f3helyre - 12\u20ac<\/p>\n<p>Csomag c\u00edmre - 20\u20ac<\/p>\n<p>Sz\u00e1ll\u00edt\u00e1s \u00cdrorsz\u00e1gba:<\/p>\n<p>Csomag c\u00edmre - 13\u20ac<\/p>\n<p>sz\u00e1ll\u00edt\u00e1s Finnorsz\u00e1gba:<\/p>\n<p>Csomag az adagol\u00f3helyre - 11\u20ac<\/p>\n<p>Csomag c\u00edmre - 20\u20ac<\/p>\n<p>sz\u00e1ll\u00edt\u00e1s az EU-n k\u00edv\u00fclre:<\/p>\n<p>sz\u00e1ll\u00edt\u00e1s Egyes\u00fclt Kir\u00e1lys\u00e1g:<\/p>\n<p>Csomag c\u00edmre - 10\u20ac<\/p>\n<p>sz\u00e1ll\u00edt\u00e1s Sv\u00e1jcba:<\/p>\n<p>Csomag c\u00edmre - 15\u20ac<\/p>\n<p>&nbsp;<\/p>\n<p>&nbsp;<\/p>\n<p>sz\u00e1ll\u00edt\u00e1s a vil\u00e1g m\u00e1s orsz\u00e1gaiba k\u00f6lcs\u00f6n\u00f6s megegyez\u00e9ssel, \u00e9rdekl\u0151dni a lamabfc@gmail.com c\u00edmen vagy telefonon a +421907287430\/+421915333809 c\u00edmen lehet.<\/p>\n<p><strong>P<\/strong><strong>latba for goods<\/strong><\/p>\n<p>Az Elad\u00f3 a megrendelt \u00e1ruk\u00e9rt a k\u00f6vetkez\u0151 m\u00f3don fogad el fizet\u00e9st:<\/p>\n<p>El\u0151legfizet\u00e9s <strong>banki \u00e1tutal\u00e1ssal<\/strong>, a k\u00f6vetkez\u0151 sz\u00e1mlasz\u00e1mra (IBAN): SK88 0900 0000 0052 2403 7403, Slovensk\u00e1 sporitel\u0148a, SWIFT: GIBASKBX.<\/p>\n<p>Fizet\u00e9s a csomag vev\u0151 \u00e1ltali \u00e1tv\u00e9telekor <strong>- sz\u00e1ll\u00edt\u00e1s<\/strong> (1\u20ac fel\u00e1r a postak\u00f6lts\u00e9g\u00e9rt)<\/p>\n<p>Fizet\u00e9s <strong>STRIPE fizet\u00e9si \u00e1tj\u00e1r\u00f3<\/strong><\/p>\n<p>A web\u00e1ruh\u00e1zban t\u00f6rt\u00e9n\u0151 megrendel\u00e9s r\u00e9szek\u00e9nt a vev\u0151 k\u00f6teles a megrendelt \u00e1ru \u00e1r\u00e1t az elad\u00f3nak megfizetni.<\/p>\n<p><strong>Az \u00e1ruk sz\u00e1ll\u00edt\u00e1sa<\/strong><\/p>\n<p>A megrendel\u00e9seket a lehet\u0151 legr\u00f6videbb id\u0151n bel\u00fcl, \u00e1ltal\u00e1ban 1-3 munkanapon bel\u00fcl, de a rakt\u00e1ron l\u00e9v\u0151 \u00e1ruk eset\u00e9ben legfeljebb 7 munkanapon bel\u00fcl feldolgozzuk. A v\u00e1s\u00e1rl\u00f3t a rendel\u00e9s felad\u00e1s\u00e1t k\u00f6vet\u0151 24 \u00f3r\u00e1n bel\u00fcl e-mailben \u00e9rtes\u00edtj\u00fck.<\/p>\n<p>A Szlov\u00e1k Posta \u00e1ltal t\u00f6rt\u00e9n\u0151 k\u00e9zbes\u00edt\u00e9s eset\u00e9n a sz\u00e1ll\u00edt\u00e1si id\u0151 tov\u00e1bbi 1-3 munkanappal meghosszabbodik.<\/p>\n<p>Ha nem kapja meg az \u00e1rut vagy a postai let\u00e9ti \u00e9rtes\u00edt\u00e9st a felad\u00e1si e-mail\u00fcnket k\u00f6vet\u0151 7 napon bel\u00fcl, k\u00e9rj\u00fck, l\u00e9pjen kapcsolatba a k\u00e9zbes\u00edt\u0151 postahivatallal \u00e9s vel\u00fcnk is a k\u00f6vetkez\u0151 e-mail c\u00edmen: lamabfc@gmail.com.<\/p>\n<p>Az olyan \u00e1ruk megrendel\u00e9se eset\u00e9n, amelyek a megrendel\u00e9s id\u0151pontj\u00e1ban nem \u00e1llnak rakt\u00e1ron rendelkez\u00e9sre, az \u00e1ruk gy\u00e1rt\u00e1s\u00e1nak \u00e9s a vev\u0151nek t\u00f6rt\u00e9n\u0151 kisz\u00e1ll\u00edt\u00e1s\u00e1nak hat\u00e1rideje 30 napra meghosszabbodik. A vev\u0151 \u00e9s az elad\u00f3 k\u00f6z\u00f6s megegyez\u00e9s\u00e9vel lehet\u0151s\u00e9g van olyan \u00e1ruk megrendel\u00e9s\u00e9re, amelyek rakt\u00e1ron nem \u00e1llnak rendelkez\u00e9sre.<\/p>\n<p>Az elad\u00f3 j\u00f3l csomagolva \u00e9s biztos\u00edtva k\u00fcldi az \u00e1rut. A Vev\u0151 k\u00f6teles a k\u00fcldem\u00e9nyt az \u00e1tv\u00e9telt k\u00f6vet\u0151en megvizsg\u00e1lni, amennyiben a k\u00fcldem\u00e9ny teljess\u00e9g\u00e9r\u0151l \u00e9s s\u00e9rtetlens\u00e9g\u00e9r\u0151l meggy\u0151z\u0151dhet. L\u00e1that\u00f3an s\u00e9r\u00fclt \u00e1rut (s\u00e9r\u00fclt csomagol\u00f3pap\u00edr stb.) ne fogadjon el! Az esetleges elt\u00e9r\u00e9seket vagy hib\u00e1kat azonnal reklam\u00e1lja. A sz\u00e1ll\u00edtm\u00e1ny vagy az \u00e1ru mennyis\u00e9g\u00e9nek s\u00e9r\u00fcl\u00e9s\u00e9re vonatkoz\u00f3 k\u00e9s\u0151bbi reklam\u00e1ci\u00f3kat az elad\u00f3 nem fogadja el.<\/p>\n<p>Amint a teljes \u00f6sszeg j\u00f3v\u00e1\u00edr\u00e1sra ker\u00fclt az elad\u00f3 sz\u00e1ml\u00e1j\u00e1n, bele\u00e9rtve a v\u00e1lasztott postak\u00f6lts\u00e9get is, az \u00e1rut 3 munkanapon bel\u00fcl elk\u00fcldj\u00fck a vev\u0151nek.<\/p>\n<p>Az Elad\u00f3 fenntartja a jogot, hogy el\u0151re nem l\u00e1that\u00f3 k\u00f6r\u00fclm\u00e9nyek eset\u00e9n meghosszabb\u00edtsa a sz\u00e1ll\u00edt\u00e1si hat\u00e1rid\u0151t. A sz\u00e1ll\u00edt\u00e1si hat\u00e1rid\u0151 meghosszabb\u00edt\u00e1s\u00e1r\u00f3l a Vev\u0151t halad\u00e9ktalanul t\u00e1j\u00e9koztatja.<\/p>\n<p>Az \u00e1rut akkor kell a Vev\u0151 \u00e1ltal elfogadottnak tekinteni, amikor a Vev\u0151 vagy a Vev\u0151 \u00e1ltal kijel\u00f6lt harmadik szem\u00e9ly (kiv\u00e9ve a fuvaroz\u00f3t) a megrendelt \u00e1ru valamennyi r\u00e9sz\u00e9t \u00e1tveszi, vagy ha a) a Vev\u0151 \u00e1ltal egy megrendel\u00e9sben megrendelt \u00e1rut k\u00fcl\u00f6n-k\u00fcl\u00f6n sz\u00e1ll\u00edtj\u00e1k, akkor az utolj\u00e1ra lesz\u00e1ll\u00edtott \u00e1ru \u00e1tv\u00e9tel\u00e9nek id\u0151pontj\u00e1ban, b) a Vev\u0151 t\u00f6bb r\u00e9szb\u0151l vagy darabb\u00f3l \u00e1ll\u00f3 \u00e1rut sz\u00e1ll\u00edt, akkor az utols\u00f3 r\u00e9sz vagy darab \u00e1tv\u00e9tel\u00e9nek id\u0151pontj\u00e1ban, c) a Vev\u0151 az \u00e1rut egy meghat\u00e1rozott id\u0151szak alatt ism\u00e9telten sz\u00e1ll\u00edtja, akkor az els\u0151 lesz\u00e1ll\u00edtott \u00e1ru \u00e1tv\u00e9tel\u00e9nek id\u0151pontj\u00e1ban.<\/p>\n<p><strong>R<\/strong><strong>ek1TP4Felt\u00e9telek \u00e9s felt\u00e9telek<\/strong><\/p>\n<p>A www.lama-bfc.sk web\u00e1ruh\u00e1z garant\u00e1lja a v\u00e1s\u00e1rl\u00f3nak:<\/p>\n<p>a vev\u0151 \u00e1ltal a megrendel\u00e9s elk\u00fcld\u00e9sekor \u00e9rv\u00e9nyes \u00e1rnak val\u00f3 megfelel\u00e9s;<\/p>\n<p>az \u00e1ruk sz\u00e1ll\u00edt\u00e1sa \u00fagy, hogy azok ne s\u00e9r\u00fcljenek meg;<\/p>\n<p>az \u00e1ruk sz\u00e1ll\u00edt\u00e1sa a megrendel\u00e9sben meghat\u00e1rozott mennyis\u00e9gben \u00e9s v\u00e1laszt\u00e9kban.<\/p>\n<p>A www.lama-bfc.sk web\u00e1ruh\u00e1z nem felel\u0151s a k\u00f6vetkez\u0151k\u00e9rt:<\/p>\n<p>a fuvaroz\u00f3 (posta, fut\u00e1rszolg\u00e1lat, DPD) \u00e1ltal okozott k\u00e9sedelmes \u00e1ru\u00e1tad\u00e1s\u00e9rt<\/p>\n<p>az \u00e1ru k\u00e9sedelmes k\u00e9zbes\u00edt\u00e9se a c\u00edmzett helytelen c\u00edme miatt;<\/p>\n<p>a k\u00e9zbes\u00edt\u0151 (posta, DPD fut\u00e1rszolg\u00e1lat) \u00e1ltal okozott k\u00e1rok.<\/p>\n<p>Az Elad\u00f3 az \u00e1ru hib\u00e1i\u00e9rt a Vev\u0151 \u00e1ltali \u00e1tv\u00e9telkor felel. Alacsonyabb \u00e1ron \u00e9rt\u00e9kes\u00edtett t\u00e9telek eset\u00e9ben az elad\u00f3 nem felel az\u00e9rt a hib\u00e1\u00e9rt, amely\u00e9rt az alacsonyabb \u00e1rban \u00e1llapodtak meg. Hacsak az \u00e1ru nem romland\u00f3 vagy haszn\u00e1lt, az elad\u00f3 felel az \u00e1ru \u00e1tv\u00e9tele ut\u00e1n, a j\u00f3t\u00e1ll\u00e1si id\u0151n bel\u00fcl (szavatoss\u00e1gi id\u0151) bek\u00f6vetkezett hib\u00e1k\u00e9rt.<\/p>\n<p>Az \u00faj \u00e1rukra vonatkoz\u00f3 j\u00f3t\u00e1ll\u00e1si id\u0151 24 h\u00f3nap, amely az \u00e1ru vev\u0151 \u00e1ltali \u00e1tv\u00e9tel\u00e9t\u0151l kezd\u0151dik. Az egyedi gy\u00e1rt\u00e1s\u00fa term\u00e9kek j\u00f3t\u00e1ll\u00e1si ideje 24 h\u00f3nap. A reklam\u00e1ci\u00f3hoz elegend\u0151 a v\u00e1s\u00e1rl\u00e1s igazol\u00e1sa (k\u00e9szp\u00e9nzes nyugta vagy sz\u00e1mla).<\/p>\n<p>Ha az \u00e1ru olyan hib\u00e1val rendelkezik, amely orvosolhat\u00f3, a vev\u0151nek joga van ahhoz, hogy azt t\u00e9r\u00edt\u00e9smentesen, id\u0151ben \u00e9s megfelel\u0151 m\u00f3don kijav\u00edttassa. Az elad\u00f3 k\u00f6teles a hib\u00e1t indokolatlan k\u00e9sedelem n\u00e9lk\u00fcl elt\u00e1vol\u00edtani.<\/p>\n<p>A vev\u0151 azonban nem haszn\u00e1lhatja tov\u00e1bb azt a term\u00e9ket, amelyen hib\u00e1t tal\u00e1lt. A v\u00e1s\u00e1rl\u00e1st k\u00f6vet\u0151en felmer\u00fcl\u0151 hib\u00e1k eset\u00e9n a hiba felfedez\u00e9s\u00e9t\u0151l sz\u00e1m\u00edtott indokolatlan k\u00e9sedelem n\u00e9lk\u00fcl, de legk\u00e9s\u0151bb a j\u00f3t\u00e1ll\u00e1si id\u0151 lej\u00e1rta el\u0151tt jelezni kell azokat. A j\u00f3t\u00e1ll\u00e1si id\u0151 lej\u00e1rta ut\u00e1n a reklam\u00e1ci\u00f3 joga megsz\u0171nik.<\/p>\n<p>Az anyagra vagy a haszn\u00e1latra jellemz\u0151 kop\u00e1s nem min\u0151s\u00fcl hib\u00e1nak (pl. a mos\u00e1sb\u00f3l ered\u0151 kop\u00e1s, amely term\u00e9szetesen megv\u00e1ltoztatja a term\u00e9k megjelen\u00e9s\u00e9t).  Nem min\u0151s\u00fcl hib\u00e1nak, ha az eladott term\u00e9k jelleg\u00e9b\u0151l ad\u00f3d\u00f3an az \u00e9lettartama r\u00f6videbb, mint a j\u00f3t\u00e1ll\u00e1si id\u0151, \u00e9s ha az ilyen term\u00e9k a rendes haszn\u00e1lat sor\u00e1n a j\u00f3t\u00e1ll\u00e1si id\u0151 lej\u00e1rta el\u0151tt \u00e1ltal\u00e1nos elhaszn\u00e1l\u00f3d\u00e1snak van kit\u00e9ve.<\/p>\n<p>A k\u00e1rig\u00e9ny nem terjed ki az \u00e1ru egyes r\u00e9szeinek elsz\u00ednez\u0151d\u00e9s\u00e9re, az \u00e1ru ny\u00fal\u00e1s\u00e1ra vagy zsugorod\u00e1s\u00e1ra a nem megfelel\u0151 mos\u00e1s vagy sz\u00e1r\u00edt\u00f3g\u00e9pben t\u00f6rt\u00e9n\u0151 sz\u00e1r\u00edt\u00e1s miatt. Ezt a jogot fenntartjuk azon az alapon, hogy minden \u00e1rucikket elad\u00e1s el\u0151tt megvizsg\u00e1lunk az anyag elsz\u00ednez\u0151d\u00e9s\u00e9re, \u00e9s tan\u00e1csot adunk a fogyaszt\u00f3nak az \u00e1ru k\u00edm\u00e9letes mos\u00e1s\u00e1ra \u00e9s sz\u00e1r\u00edt\u00e1s\u00e1ra.<\/p>\n<p>A vev\u0151 a hiba elh\u00e1r\u00edt\u00e1sa helyett k\u00e9rheti a dolog kicser\u00e9l\u00e9s\u00e9t, vagy ha a hiba csak a dolog egy r\u00e9sz\u00e9t \u00e9rinti, a r\u00e9sz kicser\u00e9l\u00e9s\u00e9t, ha ez nem j\u00e1r az elad\u00f3 sz\u00e1m\u00e1ra az \u00e1ru \u00e1r\u00e1hoz vagy a hiba s\u00falyoss\u00e1g\u00e1hoz k\u00e9pest ar\u00e1nytalan k\u00f6lts\u00e9ggel. Az elad\u00f3 a hiba elh\u00e1r\u00edt\u00e1sa helyett b\u00e1rmikor kicser\u00e9lheti a hib\u00e1s dolgot egy hib\u00e1tlanra, ha ez nem okoz komoly kellemetlens\u00e9get a vev\u0151nek. Ha olyan hiba \u00e1ll fenn, amelyet nem lehet kijav\u00edtani, \u00e9s amely megakad\u00e1lyozza a dolog hib\u00e1tlan dologk\u00e9nt val\u00f3 megfelel\u0151 haszn\u00e1lat\u00e1t, a vev\u0151nek joga van a dolog kicser\u00e9l\u00e9s\u00e9re vagy a szerz\u0151d\u00e9st\u0151l val\u00f3 el\u00e1ll\u00e1sra. Ugyanezek a jogok illetik meg a vev\u0151t, ha a hiba orvosolhat\u00f3, de a vev\u0151 a jav\u00edt\u00e1st k\u00f6vet\u0151en a hiba megism\u00e9tl\u0151d\u00e9se vagy nagyobb sz\u00e1m\u00fa hiba miatt nem tudja megfelel\u0151en haszn\u00e1lni a dolgot. Egy\u00e9b jav\u00edthatatlan hiba eset\u00e9n a vev\u0151 jogosult a term\u00e9k \u00e1r\u00e1b\u00f3l \u00e9sszer\u0171 \u00e1rengedm\u00e9nyre.<\/p>\n<p>A hib\u00e1k\u00e9rt val\u00f3 felel\u0151ss\u00e9gi jogokat az Elad\u00f3val \u00edr\u00e1sban kell gyakorolni az Ing. Andrea Saynykov\u00e1 - LAMA, Obi\u0161ovce 54, 044 81, Obi\u0161ovce vagy e-mailben a lamabfc@gmail.com c\u00edmre. Mindk\u00e9t esetben a fogyaszt\u00f3nak be kell ny\u00fajtania az ad\u00f3igazol\u00e1s (sz\u00e1mla\/nyugta) m\u00e1solat\u00e1t.  A cser\u00e9re vagy jav\u00edt\u00e1sra sz\u00e1nt \u00e1rut tartalmaz\u00f3 csomagokat az Ing. Andrea Saynykov\u00e1, Obi\u0161ovce 54, 044 81, Obi\u0161ovce. Javasoljuk, hogy az \u00e1rut csomagk\u00e9nt vagy aj\u00e1nlott lev\u00e9lk\u00e9nt k\u00fcldje el. Az \u00e1ru jav\u00edt\u00e1sa vagy cser\u00e9je eset\u00e9n a vev\u0151 k\u00f6teles a csomagnak az elad\u00f3 c\u00edm\u00e9re t\u00f6rt\u00e9n\u0151 sz\u00e1ll\u00edt\u00e1s\u00e1nak k\u00f6lts\u00e9g\u00e9t megfizetni. Ut\u00e1nv\u00e9ttel k\u00fcld\u00f6tt csomagokat nem fogadunk el. A m\u00e1r megjav\u00edtott vagy kicser\u00e9lt \u00e1ruk \u00fajb\u00f3li elk\u00fcld\u00e9se eset\u00e9n az \u00e1ru sz\u00e1ll\u00edt\u00f3ja felel a sz\u00e1ll\u00edt\u00e1si k\u00f6lts\u00e9gek\u00e9rt. pl. Ing. Andrea Saynykov\u00e1 - LAMA. Az elad\u00f3 k\u00f6teles a jav\u00edt\u00e1st legfeljebb 30 napon bel\u00fcl elv\u00e9gezni.<\/p>\n<p>Csere eset\u00e9n a garanciaid\u0151 az \u00faj term\u00e9k \u00e1tv\u00e9tel\u00e9t\u0151l kezd\u0151dik \u00fajra. Ugyanez vonatkozik arra az esetre is, ha egy garanci\u00e1lis alkatr\u00e9szt cser\u00e9lnek ki.<\/p>\n<p>A reklam\u00e1ci\u00f3 kezel\u00e9se a reclama elj\u00e1r\u00e1s lez\u00e1r\u00e1s\u00e1t jelenti a kijav\u00edtott term\u00e9k \u00e1tad\u00e1s\u00e1val, a term\u00e9k kicser\u00e9l\u00e9s\u00e9vel, a term\u00e9k v\u00e9tel\u00e1r\u00e1nak visszat\u00e9r\u00edt\u00e9s\u00e9vel, a term\u00e9k \u00e1r\u00e1b\u00f3l \u00e9sszer\u0171 \u00e1rengedm\u00e9ny fizet\u00e9s\u00e9vel, a teljes\u00edt\u00e9s \u00e1tv\u00e9tel\u00e9re val\u00f3 \u00edr\u00e1sbeli felh\u00edv\u00e1ssal vagy indokl\u00e1ssal ell\u00e1tott elutas\u00edt\u00e1ssal.<\/p>\n<p>Reklam\u00e1ci\u00f3 eset\u00e9n az Elad\u00f3 a reklam\u00e1ci\u00f3 kezel\u00e9s\u00e9nek m\u00f3dj\u00e1t halad\u00e9ktalanul, illetve \u00f6sszetett esetekben legk\u00e9s\u0151bb a reklam\u00e1ci\u00f3 beny\u00fajt\u00e1s\u00e1t\u00f3l sz\u00e1m\u00edtott 3 munkanapon bel\u00fcl, indokolt esetben, k\u00fcl\u00f6n\u00f6sen, ha a term\u00e9k vagy szolg\u00e1ltat\u00e1s \u00e1llapot\u00e1nak komplex m\u0171szaki felm\u00e9r\u00e9se sz\u00fcks\u00e9ges, legk\u00e9s\u0151bb a reklam\u00e1ci\u00f3 beny\u00fajt\u00e1s\u00e1t\u00f3l sz\u00e1m\u00edtott 30 napon bel\u00fcl hat\u00e1rozza meg. A panaszkezel\u00e9s m\u00f3dj\u00e1nak meghat\u00e1roz\u00e1s\u00e1t k\u00f6vet\u0151en a panaszt halad\u00e9ktalanul el kell int\u00e9zni; indokolt esetben a panasz k\u00e9s\u0151bb is int\u00e9zhet\u0151, azonban a panasz kezel\u00e9se nem tarthat tov\u00e1bb a panasz kelt\u00e9t\u0151l sz\u00e1m\u00edtott 30 napn\u00e1l. A reklam\u00e1ci\u00f3 feldolgoz\u00e1s\u00e1ra nyitva \u00e1ll\u00f3 hat\u00e1rid\u0151 lej\u00e1rta ut\u00e1n a vev\u0151nek joga van el\u00e1llni a szerz\u0151d\u00e9st\u0151l, vagy a term\u00e9ket \u00faj term\u00e9kkel kicser\u00e9lni.<\/p>\n<p>Ha a Vev\u0151 a v\u00e1s\u00e1rl\u00e1st\u00f3l sz\u00e1m\u00edtott els\u0151 12 h\u00f3napon bel\u00fcl reklam\u00e1l egy term\u00e9ket, az Elad\u00f3 csak szakmai \u00e9rt\u00e9kel\u00e9s alapj\u00e1n utas\u00edthatja el a reklam\u00e1ci\u00f3t; a szakmai \u00e9rt\u00e9kel\u00e9s eredm\u00e9ny\u00e9t\u0151l f\u00fcggetlen\u00fcl az Elad\u00f3 nem k\u00f6vetelheti a Vev\u0151t\u0151l a szakmai \u00e9rt\u00e9kel\u00e9s k\u00f6lts\u00e9geinek vagy a szakmai \u00e9rt\u00e9kel\u00e9ssel kapcsolatos egy\u00e9b k\u00f6lts\u00e9geknek a megfizet\u00e9s\u00e9t. Az Elad\u00f3 a reklam\u00e1ci\u00f3 elutas\u00edt\u00e1s\u00e1t indokol\u00f3 szakmai \u00e9rt\u00e9kel\u00e9s egy p\u00e9ld\u00e1ny\u00e1t a reklam\u00e1ci\u00f3 beny\u00fajt\u00e1s\u00e1t\u00f3l sz\u00e1m\u00edtott 14 napon bel\u00fcl a Vev\u0151 rendelkez\u00e9s\u00e9re bocs\u00e1tja. Ha a Vev\u0151 a term\u00e9kkel kapcsolatban a v\u00e1s\u00e1rl\u00e1st\u00f3l sz\u00e1m\u00edtott 12 h\u00f3nap eltelt\u00e9vel reklam\u00e1ci\u00f3t ny\u00fajtott be, \u00e9s azt az Elad\u00f3 elutas\u00edtotta, az Elad\u00f3 a reklam\u00e1ci\u00f3 kezel\u00e9s\u00e9r\u0151l sz\u00f3l\u00f3 dokumentumban jelzi, hogy a Vev\u0151 a term\u00e9ket kinek k\u00fcldheti el szak\u00e9rt\u0151i \u00e9rt\u00e9kel\u00e9sre. Ha a term\u00e9ket szak\u00e9rt\u0151i \u00e9rt\u00e9kel\u00e9s c\u00e9lj\u00e1b\u00f3l egy kijel\u00f6lt szem\u00e9lynek k\u00fcldik el, a szak\u00e9rt\u0151i \u00e9rt\u00e9kel\u00e9s k\u00f6lts\u00e9gei, valamint az ezzel kapcsolatban \u00e9sszer\u0171en felmer\u00fcl\u0151 egy\u00e9b k\u00f6lts\u00e9gek az Elad\u00f3t terhelik, f\u00fcggetlen\u00fcl a szak\u00e9rt\u0151i \u00e9rt\u00e9kel\u00e9s eredm\u00e9ny\u00e9t\u0151l. Ha a vev\u0151 a szak\u00e9rt\u0151i \u00e9rt\u00e9kel\u00e9ssel bizony\u00edtja, hogy az elad\u00f3 felel\u0151s a hib\u00e1\u00e9rt, a vev\u0151 \u00fajra \u00e9rv\u00e9nyes\u00edtheti a k\u00f6vetel\u00e9s\u00e9t; a j\u00f3t\u00e1ll\u00e1si id\u0151 nem j\u00e1r le a szak\u00e9rt\u0151i \u00e9rt\u00e9kel\u00e9s elv\u00e9gz\u00e9se alatt. Az elad\u00f3 k\u00f6teles a vev\u0151nek az ism\u00e9telt ig\u00e9ny\u00e9rv\u00e9nyes\u00edt\u00e9st\u0151l sz\u00e1m\u00edtott 14 napon bel\u00fcl megt\u00e9r\u00edteni a szak\u00e9rt\u0151i \u00e9rt\u00e9kel\u00e9ssel kapcsolatban felmer\u00fclt valamennyi k\u00f6lts\u00e9get, valamint az \u00e9sszer\u0171en felmer\u00fclt valamennyi kapcsol\u00f3d\u00f3 k\u00f6lts\u00e9get.<\/p>\n<p>Az Elad\u00f3 k\u00f6teles a Vev\u0151nek visszaigazol\u00e1st adni a reklam\u00e1ci\u00f3r\u00f3l. Ha az ig\u00e9ny\u00e9rv\u00e9nyes\u00edt\u00e9s e-mailben t\u00f6rt\u00e9nik, az Elad\u00f3 k\u00f6teles az ig\u00e9ny\u00e9rv\u00e9nyes\u00edt\u00e9sr\u0151l sz\u00f3l\u00f3 visszaigazol\u00e1st a Vev\u0151nek halad\u00e9ktalanul k\u00e9zbes\u00edteni; ha a visszaigazol\u00e1s azonnali k\u00e9zbes\u00edt\u00e9se nem lehets\u00e9ges, azt indokolatlan k\u00e9sedelem n\u00e9lk\u00fcl, de legk\u00e9s\u0151bb az ig\u00e9ny bizony\u00edt\u00e1s\u00e1val egy\u00fctt kell k\u00e9zbes\u00edteni; az ig\u00e9ny\u00e9rv\u00e9nyes\u00edt\u00e9sr\u0151l sz\u00f3l\u00f3 visszaigazol\u00e1st nem kell k\u00e9zbes\u00edteni, ha a Vev\u0151nek lehet\u0151s\u00e9ge van arra, hogy az ig\u00e9nyt m\u00e1s m\u00f3don bizony\u00edtsa.<\/p>\n<p><strong>Megrendel\u00e9s lemond\u00e1sa<\/strong><\/p>\n<p>A Vev\u0151nek jog\u00e1ban \u00e1ll az Elad\u00f3 \u00e1ltal m\u00e9g nem feldolgozott \u00e9s el nem sz\u00e1ll\u00edtott megrendel\u00e9st d\u00edjmentesen t\u00f6r\u00f6lni. Ebben az esetben k\u00e9rj\u00fck, hogy a lehet\u0151 leghamarabb vegye fel vel\u00fcnk a kapcsolatot a lamabfc@gmail.com c\u00edmen, \u00e9s adja meg a rendel\u00e9s sz\u00e1m\u00e1t. Ha a k\u00fcldem\u00e9nyt m\u00e1r kifizett\u00e9k, fenntartjuk a jogot, hogy a p\u00e9nzt 10 munkanapon bel\u00fcl visszat\u00e9r\u00edts\u00fck a vev\u0151 sz\u00e1ml\u00e1j\u00e1ra.<\/p>\n<p>Abban az esetben, ha a Vev\u0151 egy m\u00e1r feladott megrendel\u00e9st t\u00f6r\u00f6l, az Elad\u00f3 fenntartja a jogot, hogy a sz\u00e1ll\u00edt\u00e1si k\u00f6lts\u00e9g \u00f6sszeg\u00e9nek megfelel\u0151 d\u00edjat a kifizetett v\u00e9tel\u00e1rba besz\u00e1m\u00edtsa, \u00e9s a t\u00f6bblet\u00f6sszeget a Vev\u0151 sz\u00e1ml\u00e1j\u00e1ra k\u00fcldje. A sz\u00e1ll\u00edt\u00e1si k\u00f6lts\u00e9gekkel cs\u00f6kkentett v\u00e9tel\u00e1rat csak a lemondott \u00e1ru Elad\u00f3 c\u00edm\u00e9re t\u00f6rt\u00e9n\u0151 kisz\u00e1ll\u00edt\u00e1s\u00e1t k\u00f6vet\u0151en t\u00e9r\u00edtj\u00fck vissza a Vev\u0151 sz\u00e1ml\u00e1j\u00e1ra. K\u00e9rj\u00fck, hogy a visszamondott \u00e1rut ne k\u00fcldje ut\u00e1nv\u00e9ttel, az ilyen \u00e1rut nem fogadjuk el.<\/p>\n<p>Az Elad\u00f3 fenntartja mag\u00e1nak a jogot, hogy a Vev\u0151 \u00e1rura vonatkoz\u00f3 megrendel\u00e9s\u00e9t t\u00f6r\u00f6lje, ha a k\u00e9szleten k\u00edv\u00fclis\u00e9g miatt nem tudja azt lesz\u00e1ll\u00edtani. A Vev\u0151t a megrendel\u00e9s t\u00f6rl\u00e9s\u00e9r\u0151l halad\u00e9ktalanul \u00e9rtes\u00edtj\u00fck telefonon vagy e-mailben. A v\u00e9tel\u00e1r vagy annak egy r\u00e9sz\u00e9nek kifizet\u00e9se eset\u00e9n az \u00f6sszeget 10 napon bel\u00fcl visszautalj\u00e1k a Vev\u0151nek arra a sz\u00e1ml\u00e1ra, amelyr\u0151l az \u00e1rut kifizett\u00e9k, hacsak m\u00e1sk\u00e9nt nem \u00e1llapodtak meg.<\/p>\n<p><strong>V<\/strong><strong>\u00e1ruk sz\u00e1ml\u00e1l\u00e1sa - indokol\u00e1s n\u00e9lk\u00fcli el\u00e1ll\u00e1s a szerz\u0151d\u00e9st\u0151l<\/strong><\/p>\n<p>A fogyaszt\u00f3nak joga van az \u00e1rut az \u00e1ru \u00e1tv\u00e9tel\u00e9t\u0151l sz\u00e1m\u00edtott 14 napt\u00e1ri napon bel\u00fcl visszak\u00fcldeni az elad\u00f3nak a h\u00e1zal\u00f3 \u00e9s csomagk\u00fcld\u0151 kereskedelemben a fogyaszt\u00f3k v\u00e9delm\u00e9r\u0151l sz\u00f3l\u00f3 102\/2014. sz. t\u00f6rv\u00e9ny 7. \u00a7-a alapj\u00e1n.<\/p>\n<p>Az \u00e1ru \u00e9s a dokument\u00e1ci\u00f3 \u00e1tv\u00e9tel\u00e9t \u00e9s ellen\u0151rz\u00e9s\u00e9t k\u00f6vet\u0151en (az \u00e1ruk visszak\u00fcld\u00e9s\u00e9re vonatkoz\u00f3 fenti felt\u00e9telek szerint), valamint a jog elismer\u00e9s\u00e9t k\u00f6vet\u0151en legk\u00e9s\u0151bb 20 munkanapon bel\u00fcl a vev\u0151 sz\u00e1ml\u00e1j\u00e1ra t\u00f6rt\u00e9n\u0151 \u00e1tutal\u00e1ssal visszautaljuk a p\u00e9nzt a vev\u0151nek.<\/p>\n<p>A vev\u0151 az el\u00e1ll\u00e1si hat\u00e1rid\u0151 lej\u00e1rta el\u0151tt is el\u00e1llhat a szerz\u0151d\u00e9st\u0151l, amelynek t\u00e1rgya az \u00e1ru lesz\u00e1ll\u00edt\u00e1sa.<\/p>\n<p>A vev\u0151 nem \u00e1llhat el olyan szerz\u0151d\u00e9st\u0151l, amelynek t\u00e1rgya a fogyaszt\u00f3 egyedi ig\u00e9nyei szerint k\u00e9sz\u00fclt \u00e1ru, egyedi gy\u00e1rt\u00e1s\u00fa \u00e1ru vagy kifejezetten egy fogyaszt\u00f3nak sz\u00e1nt \u00e1ru \u00e9rt\u00e9kes\u00edt\u00e9se. A vev\u0151 akkor sem jogosult el\u00e1llni a szerz\u0151d\u00e9st\u0151l, ha az \u00e1rut m\u00e1r haszn\u00e1lt\u00e1k, kimost\u00e1k vagy m\u00e1s m\u00f3don megromlott.<\/p>\n<p>A vev\u0151 a szerz\u0151d\u00e9st\u0151l val\u00f3 el\u00e1ll\u00e1s jog\u00e1t \u00edr\u00e1sban gyakorolhatja Andrea Saynykov\u00e1, Obi\u0161ovce 54, 044 81, Obi\u0161ovce, vagy e-mailben a lamabfc@gmail.com c\u00edmen. Mindk\u00e9t esetben csatolni kell az ad\u00f3igazol\u00e1s (sz\u00e1mla\/nyugta) m\u00e1solat\u00e1t \u00e9s a kit\u00f6lt\u00f6tt el\u00e1ll\u00e1si nyilatkozatot, amely a k\u00f6vetkez\u0151 c\u00edmen \u00e9rhet\u0151 el <a href=\"https:\/\/www.lama-bfc.sk\/hu\/visszavonasi-urlap\/?wmc-currency=HUF\"><strong><span style=\"color: #ff0000;\">TU<\/span><\/strong><\/a>. Javasoljuk, hogy az el\u00e1ll\u00e1s t\u00e1rgy\u00e1t k\u00e9pez\u0151 \u00e1rut aj\u00e1nlott lev\u00e9lk\u00e9nt vagy csomagk\u00e9nt k\u00fcldje el Andrea Saynykov\u00e1, Obi\u0161ovce 54, 044 81, Obi\u0161ovce c\u00edm\u00e9re. K\u00e9rj\u00fck, ne k\u00fcldje az \u00e1rut ut\u00e1nv\u00e9ttel, mert az ilyen csomagot nem fogadjuk el.<\/p>\n<p>Az el\u00e1ll\u00e1si nyilatkozat k\u00e9zhezv\u00e9tel\u00e9t k\u00f6vet\u0151en az Elad\u00f3 legk\u00e9s\u0151bb 14 napon bel\u00fcl visszafizeti a Vev\u0151nek a Vev\u0151t\u0151l a Szerz\u0151d\u00e9s alapj\u00e1n vagy azzal kapcsolatban kapott kifizet\u00e9seket, de levonva a sz\u00e1ll\u00edt\u00e1si, k\u00e9zbes\u00edt\u00e9si \u00e9s postak\u00f6lts\u00e9geket. Az Elad\u00f3 csak az \u00e1ru \u00e9rt\u00e9k\u00e9t t\u00e9r\u00edti vissza a Vev\u0151nek. A postak\u00f6lts\u00e9g \u00e9s a sz\u00e1ll\u00edt\u00e1si k\u00f6lts\u00e9g a Vev\u0151t terheli. Az Elad\u00f3 a kifizet\u00e9st ugyanolyan m\u00f3don t\u00e9r\u00edti vissza, mint amilyet a Vev\u0151 a fizet\u00e9s\u00e9n\u00e9l alkalmazott. a Vev\u0151 az Elad\u00f3val m\u00e1s visszat\u00e9r\u00edt\u00e9si m\u00f3dban is meg\u00e1llapodhat.<\/p>\n<p>Az Elad\u00f3 nem k\u00f6teles megt\u00e9r\u00edteni a Vev\u0151nek a t\u00f6bbletk\u00f6lts\u00e9geket, ha a Vev\u0151 kifejezetten az Elad\u00f3 \u00e1ltal k\u00edn\u00e1lt legolcs\u00f3bb szok\u00e1sos sz\u00e1ll\u00edt\u00e1si m\u00f3dt\u00f3l elt\u00e9r\u0151 sz\u00e1ll\u00edt\u00e1si m\u00f3dot v\u00e1lasztott. T\u00f6bbletk\u00f6lts\u00e9g alatt a Vev\u0151 \u00e1ltal v\u00e1lasztott sz\u00e1ll\u00edt\u00e1si k\u00f6lts\u00e9g \u00e9s az Elad\u00f3 \u00e1ltal felk\u00edn\u00e1lt legolcs\u00f3bb szok\u00e1sos sz\u00e1ll\u00edt\u00e1si m\u00f3d k\u00f6lts\u00e9ge k\u00f6z\u00f6tti k\u00fcl\u00f6nb\u00f6zetet kell \u00e9rteni.<\/p>\n<p>A szerz\u0151d\u00e9st\u0151l val\u00f3 el\u00e1ll\u00e1s eset\u00e9n az elad\u00f3 nem k\u00f6teles visszat\u00e9r\u00edteni a vev\u0151nek az \u00e1rut, miel\u0151tt az \u00e1rut \u00e1tadj\u00e1k neki, vagy am\u00edg a vev\u0151 nem bizony\u00edtja, hogy az \u00e1rut visszak\u00fcldt\u00e9k az elad\u00f3nak, kiv\u00e9ve, ha az elad\u00f3 azt javasolja, hogy az \u00e1rut szem\u00e9lyesen vagy az \u00e1ltala meghatalmazott szem\u00e9ly \u00fatj\u00e1n vegye \u00e1t.<\/p>\n<p>A vev\u0151 k\u00f6teles az \u00e1rut a szerz\u0151d\u00e9st\u0151l val\u00f3 el\u00e1ll\u00e1st\u00f3l sz\u00e1m\u00edtott 14 napon bel\u00fcl visszak\u00fcldeni vagy \u00e1tadni az elad\u00f3nak vagy az elad\u00f3 \u00e1ltal az \u00e1ru \u00e1tv\u00e9tel\u00e9re felhatalmazott szem\u00e9lynek. A hat\u00e1rid\u0151 betartottnak tekintend\u0151, ha az \u00e1rut legk\u00e9s\u0151bb a hat\u00e1rid\u0151 utols\u00f3 napj\u00e1n \u00e1tadt\u00e1k sz\u00e1ll\u00edt\u00e1sra.<\/p>\n<p>A vev\u0151nek lehet\u0151s\u00e9ge van az \u00e1ru m\u0171k\u00f6d\u0151k\u00e9pess\u00e9g\u00e9nek tesztel\u00e9s\u00e9re a sz\u00e1ll\u00edt\u00e1st k\u00f6vet\u0151en, de nem haszn\u00e1lhatja az \u00e1rut, ha el\u00e1ll a szerz\u0151d\u00e9st\u0151l. Az \u00e1ru jelleg\u00e9r\u0151l, tulajdons\u00e1gair\u00f3l \u00e9s m\u0171k\u00f6d\u0151k\u00e9pess\u00e9g\u00e9r\u0151l val\u00f3 meggy\u0151z\u0151d\u00e9s \u00e9rdek\u00e9ben a fogyaszt\u00f3 csak \u00fagy kezelheti \u00e9s vizsg\u00e1lhatja az \u00e1rut, ahogyan azt egy hagyom\u00e1nyos \u00fczletben is megtehetn\u00e9. A vev\u0151 k\u00f6teles az el\u00e1ll\u00e1si id\u0151szak alatt az \u00e1rut kell\u0151 gondoss\u00e1ggal kezelni \u00e9s megvizsg\u00e1lni. P\u00e9ld\u00e1ul a vev\u0151nek csak fel kell pr\u00f3b\u00e1lnia a megv\u00e1s\u00e1rolt ruh\u00e1kat, nem szabad kimosnia vagy viselnie azokat, \u00e9s az \u00e1rut az eredeti c\u00edmk\u00e9vel vagy m\u00e1s v\u00e9delmi vagy azonos\u00edt\u00f3 eszk\u00f6zzel egy\u00fctt kell visszak\u00fcldenie. Amennyiben az Elad\u00f3 az \u00e1ru \u00e1tv\u00e9telekor s\u00e9r\u00fcl\u00e9sre, kop\u00e1sra vagy roml\u00e1sra utal\u00f3 jeleket tal\u00e1l, az Elad\u00f3 fenntartja a jogot, hogy ne j\u00e1ruljon hozz\u00e1 a szerz\u0151d\u00e9st\u0151l val\u00f3 el\u00e1ll\u00e1shoz, amely esetben az Elad\u00f3 nem t\u00e9r\u00edti vissza a Vev\u0151 p\u00e9nz\u00e9t, hanem visszak\u00fcldi a Vev\u0151nek az ad\u00e1sv\u00e9teli szerz\u0151d\u00e9s t\u00e1rgy\u00e1t k\u00e9pez\u0151 \u00e1rut.<\/p>\n<p>A Vev\u0151 k\u00f6vetel\u00e9sei megsz\u0171nnek:<\/p>\n<p>ha ezeket a term\u00e9knek a vev\u0151 \u00e1ltal okozott mechanikai s\u00e9r\u00fcl\u00e9sei okozt\u00e1k;<\/p>\n<p>ha ezeket a term\u00e9knek a haszn\u00e1lati utas\u00edt\u00e1sban meghat\u00e1rozottakt\u00f3l elt\u00e9r\u0151, nem megfelel\u0151 kezel\u00e9se okozta,<\/p>\n<p>a nyilv\u00e1nval\u00f3 hib\u00e1k bejelent\u00e9s\u00e9nek elmulaszt\u00e1sa az \u00e1ru \u00e1tv\u00e9telekor;<\/p>\n<p>ha ezeket az \u00e1ruk olyan k\u00f6r\u00fclm\u00e9nyek k\u00f6z\u00f6tt t\u00f6rt\u00e9n\u0151 haszn\u00e1lata okozza, amelyek a p\u00e1ratartalom, a k\u00e9miai \u00e9s mechanikai hat\u00e1sok tekintet\u00e9ben nem felelnek meg az \u00e1ruk term\u00e9szetes k\u00f6rnyezet\u00e9nek;<\/p>\n<p>ha ezeket az \u00e1ruk gondoz\u00e1s\u00e1nak \u00e9s karbantart\u00e1s\u00e1nak elhanyagol\u00e1sa okozta;<\/p>\n<p>ha ezeket az \u00e1ruk rendeltet\u00e9sellenes haszn\u00e1lata, az \u00e1ltal\u00e1nos elvek megs\u00e9rt\u00e9se vagy a szavatoss\u00e1gi felt\u00e9telek egy\u00e9b megs\u00e9rt\u00e9se okozta.<\/p>\n<p>A garancia nem terjed ki az \u00e1ruk (vagy azok r\u00e9szeinek) haszn\u00e1latb\u00f3l \u00e9s mos\u00e1sb\u00f3l ered\u0151 norm\u00e1l elhaszn\u00e1l\u00f3d\u00e1s\u00e1ra, ami term\u00e9szetesen megv\u00e1ltoztatja a term\u00e9k megjelen\u00e9s\u00e9t.<\/p>\n<p><strong>A<\/strong><strong>Alternat\u00edv vitarendez\u00e9s<\/strong><\/p>\n<p>A vev\u0151nek - a fogyaszt\u00f3nak - joga van jogorvoslati k\u00e9relemmel fordulni az elad\u00f3hoz (p\u00e9ld\u00e1ul a lamabfc@gmail.com e-mail c\u00edmen), ha nem el\u00e9gedett azzal, ahogyan az elad\u00f3 a panasz\u00e1t kezelte, vagy ha \u00fagy v\u00e9li, hogy az elad\u00f3 megs\u00e9rtette a fogyaszt\u00f3i jogait. Ha az elad\u00f3 nemleges v\u00e1laszt ad erre a k\u00e9relemre, vagy nem v\u00e1laszol a k\u00e9relem elk\u00fcld\u00e9s\u00e9t\u0151l sz\u00e1m\u00edtott 30 napon bel\u00fcl, a fogyaszt\u00f3nak joga van alternat\u00edv vitarendez\u00e9s kezdem\u00e9nyez\u00e9s\u00e9re ir\u00e1nyul\u00f3 k\u00e9relmet beny\u00fajtani egy alternat\u00edv vitarendez\u00e9si szervezethez (a tov\u00e1bbiakban: AVR-szervezet) a 391\/2015. sz. t\u00f6rv\u00e9ny alapj\u00e1n. Az AVR-szervezetek a 391\/2015. sz. t\u00f6rv\u00e9ny 3. \u00a7-a szerinti hat\u00f3s\u00e1gok \u00e9s felhatalmazott jogi szem\u00e9lyek. Az ADR-szervezetek list\u00e1ja megtal\u00e1lhat\u00f3 a Szlov\u00e1k K\u00f6zt\u00e1rsas\u00e1g Gazdas\u00e1gi Miniszt\u00e9rium\u00e1nak honlapj\u00e1n: www.mhsr.sk A fogyaszt\u00f3 a 391\/2015 Coll. t\u00f6rv\u00e9ny 12. \u00a7-a alapj\u00e1n meghat\u00e1rozott m\u00f3don ny\u00fajthatja be k\u00e9relm\u00e9t.<\/p>\n<p>A fogyaszt\u00f3k az RSO alternat\u00edv vitarendez\u00e9si platformj\u00e1n kereszt\u00fcl is panaszt tehetnek, amely online el\u00e9rhet\u0151 a k\u00f6vetkez\u0151 c\u00edmen <a href=\"https:\/\/ec.europa.eu\/consumers\/odr\/main\/index-cfm\">https:\/\/ec.europa.eu\/consumers\/odr\/main\/index-cfm<\/a> az alternat\u00edv vitarendez\u00e9st csak fogyaszt\u00f3 - olyan term\u00e9szetes szem\u00e9ly, aki fogyaszt\u00f3i szerz\u0151d\u00e9s megk\u00f6t\u00e9se \u00e9s teljes\u00edt\u00e9se sor\u00e1n nem \u00fczleti, foglalkoztat\u00e1si vagy szakmai tev\u00e9kenys\u00e9ge keret\u00e9ben j\u00e1r el - veheti ig\u00e9nybe. Az alternat\u00edv vitarendez\u00e9s csak a fogyaszt\u00f3 \u00e9s az elad\u00f3 k\u00f6z\u00f6tti, fogyaszt\u00f3i szerz\u0151d\u00e9sb\u0151l ered\u0151 vagy azzal kapcsolatos vit\u00e1ra alkalmazhat\u00f3. Az alternat\u00edv vitarendez\u00e9s csak a t\u00e1vollev\u0151k k\u00f6z\u00f6tt k\u00f6t\u00f6tt szerz\u0151d\u00e9sekre alkalmazand\u00f3. Az alternat\u00edv vitarendez\u00e9s nem alkalmazhat\u00f3 azokra a vit\u00e1kra, amelyekben a vita \u00e9rt\u00e9ke nem haladja meg a 20 eur\u00f3t. Az alternat\u00edv vitarendez\u00e9si szervezet az alternat\u00edv vitarendez\u00e9s kezdem\u00e9nyez\u00e9s\u00e9\u00e9rt a fogyaszt\u00f3t\u00f3l legfeljebb 5 EUR (H\u00c9A-t is tartalmaz\u00f3) d\u00edj megfizet\u00e9s\u00e9t k\u00e9rheti.<\/p>\n<p><strong>A felek jogai \u00e9s k\u00f6telezetts\u00e9gei<\/strong><\/p>\n<p>Az Elad\u00f3 \u00e9s a Vev\u0151 a Szerz\u0151d\u00e9s szerz\u0151d\u0151 fel\u00e9nek min\u0151s\u00fcl.<\/p>\n<p>A vev\u0151 k\u00f6teles:<\/p>\n<p>a megrendelt \u00e1ru \u00e1tv\u00e9tel\u00e9re;<\/p>\n<p>a meg\u00e1llapod\u00e1s szerinti ellen\u00e9rt\u00e9ket fizeti ki az elad\u00f3nak az \u00e1ru\u00e9rt;<\/p>\n<p>a csomagol\u00e1s vagy maguknak az \u00e1ruknak a s\u00e9rtetlens\u00e9g\u00e9t az \u00e1tv\u00e9telkor ellen\u0151rizni.<\/p>\n<p>Az Elad\u00f3 k\u00f6teles:<\/p>\n<p>az \u00e1rut a k\u00edv\u00e1nt min\u0151s\u00e9gben, mennyis\u00e9gben \u00e9s a meg\u00e1llapod\u00e1s szerinti \u00e1ron sz\u00e1ll\u00edtja a vev\u0151nek;<\/p>\n<p>az \u00e1ruval egy\u00fctt, vagy ezen fel\u00fcl elk\u00fcldi a vev\u0151nek az \u00e1rura vonatkoz\u00f3 \u00f6sszes dokumentumot, p\u00e9ld\u00e1ul az \u00e1rur\u00f3l sz\u00f3l\u00f3 sz\u00e1ml\u00e1t, haszn\u00e1lati utas\u00edt\u00e1st.<\/p>\n<p><strong>ADATV\u00c9DELEM<\/strong><\/p>\n<p>Az \u00d6n szem\u00e9lyes adatainak v\u00e9delm\u00e9t a term\u00e9szetes szem\u00e9lyeknek a szem\u00e9lyes adatok kezel\u00e9se tekintet\u00e9ben t\u00f6rt\u00e9n\u0151 v\u00e9delm\u00e9r\u0151l \u00e9s az ilyen adatok szabad \u00e1raml\u00e1s\u00e1r\u00f3l sz\u00f3l\u00f3 (EU) 2016\/679 eur\u00f3pai parlamenti \u00e9s tan\u00e1csi rendelet (a tov\u00e1bbiakban: GDPR) \u00e9s\/vagy a 18\/2018. sz. t\u00f6rv\u00e9ny szab\u00e1lyozza. 18\/2018 Coll. a szem\u00e9lyes adatok v\u00e9delm\u00e9r\u0151l \u00e9s egyes t\u00f6rv\u00e9nyek m\u00f3dos\u00edt\u00e1s\u00e1r\u00f3l \u00e9s kieg\u00e9sz\u00edt\u00e9s\u00e9r\u0151l sz\u00f3l\u00f3, m\u00f3dos\u00edtott (a tov\u00e1bbiakban: \"PDPA\"), amelyben az \u00d6n jogait k\u00fcl\u00f6n\u00f6sen a PDPA 28. \u00a7-a \u00e9s azt k\u00f6vet\u0151 \u00a7-ai (2018.05.25-t\u0151l a GDPR 5. cikke \u00e9s 12-22. cikkei) szab\u00e1lyozz\u00e1k.<\/p>\n<p>Az \u00d6n szem\u00e9lyes adatainak biztons\u00e1ga \u00e9s az \u00d6n szem\u00e9lyes adatainak jogszer\u0171 feldolgoz\u00e1sa kiemelked\u0151en fontos sz\u00e1munkra. Itt megtudhatja, milyen jogai vannak, \u00e9s mit k\u00e9rhet t\u0151l\u00fcnk.<\/p>\n<p>milyen jogai vannak?<\/p>\n<ol>\n<li>(a) az adatokhoz val\u00f3 hozz\u00e1f\u00e9r\u00e9s joga<\/li>\n<\/ol>\n<p>\u00d6nnek joga van tudni, hogy kezelj\u00fck-e az \u00d6n szem\u00e9lyes adatait.Ha kezelj\u00fck az \u00d6n szem\u00e9lyes adatait, k\u00e9rheti t\u0151l\u00fcnk az adatokhoz val\u00f3 hozz\u00e1f\u00e9r\u00e9st. K\u00e9r\u00e9s\u00e9re visszaigazol\u00e1st \u00e1ll\u00edtunk ki, amelyben t\u00e1j\u00e9koztat\u00e1st adunk az \u00d6n szem\u00e9lyes adatainak c\u00e9g\u00fcnk \u00e1ltali feldolgoz\u00e1s\u00e1r\u00f3l.<\/p>\n<ol>\n<li>(b) a helyesb\u00edt\u00e9shez val\u00f3 jog<\/li>\n<\/ol>\n<p>\u00d6nnek joga van ahhoz, hogy az \u00e1ltalunk feldolgozott szem\u00e9lyes adatai helyesek, teljesek \u00e9s naprak\u00e9szek legyenek. Ha szem\u00e9lyes adatai helytelenek vagy elavultak, k\u00e9rheti t\u0151l\u00fcnk azok helyesb\u00edt\u00e9s\u00e9t vagy kieg\u00e9sz\u00edt\u00e9s\u00e9t.<\/p>\n<ol>\n<li>(c) a t\u00f6rl\u00e9shez val\u00f3 jog<\/li>\n<\/ol>\n<p>Bizonyos k\u00f6r\u00fclm\u00e9nyek k\u00f6z\u00f6tt joga van ahhoz, hogy szem\u00e9lyes adatait t\u00f6r\u00f6lj\u00fck. B\u00e1rmikor k\u00e9rheti t\u0151l\u00fcnk adatai t\u00f6rl\u00e9s\u00e9t. Szem\u00e9lyes adatait t\u00f6r\u00f6lj\u00fck, ha<\/p>\n<p>a tov\u00e1bbiakban m\u00e1r nincs sz\u00fcks\u00e9g\u00fcnk az \u00d6n szem\u00e9lyes adataira ahhoz a c\u00e9lhoz, amelyhez \u00d6n megadta nek\u00fcnk azokat;<\/p>\n<p>visszavonja hozz\u00e1j\u00e1rul\u00e1s\u00e1t;<\/p>\n<p>\u00d6n tiltakozik szem\u00e9lyes adatainak feldolgoz\u00e1sa ellen;<\/p>\n<p>az \u00d6n szem\u00e9lyes adatait jogellenesen kezelj\u00fck;<\/p>\n<p>a szem\u00e9lyes adatokat jogi k\u00f6telezetts\u00e9g teljes\u00edt\u00e9se \u00e9rdek\u00e9ben t\u00f6r\u00f6lni kell;<\/p>\n<p>ha \u00d6n gyermek vagy gyermek sz\u00fcl\u0151je, aki hozz\u00e1j\u00e1rult a szem\u00e9lyes adatok interneten kereszt\u00fcl t\u00f6rt\u00e9n\u0151 feldolgoz\u00e1s\u00e1hoz;<\/p>\n<ol>\n<li>(d) az adatkezel\u00e9s korl\u00e1toz\u00e1s\u00e1hoz val\u00f3 jog<\/li>\n<\/ol>\n<p>K\u00e9rheti t\u0151l\u00fcnk szem\u00e9lyes adatai feldolgoz\u00e1s\u00e1nak korl\u00e1toz\u00e1s\u00e1t. Ha eleget tesz\u00fcnk a k\u00e9r\u00e9s\u00e9nek, akkor szem\u00e9lyes adatait csak t\u00e1rolni fogjuk, \u00e9s nem fogjuk tov\u00e1bb feldolgozni. Az \u00d6n adatainak feldolgoz\u00e1s\u00e1nak korl\u00e1toz\u00e1s\u00e1ra akkor ker\u00fcl sor, ha<\/p>\n<p>ne \u00e9rtes\u00edtsen minket arr\u00f3l, hogy szem\u00e9lyes adatai helytelenek, am\u00edg nem ellen\u0151rizt\u00fck azok pontoss\u00e1g\u00e1t;<\/p>\n<p>az \u00d6n szem\u00e9lyes adatait jogellenesen kezelj\u00fck, de \u00d6n nem j\u00e1rul hozz\u00e1 azok t\u00f6rl\u00e9s\u00e9hez, \u00e9s ehelyett azt k\u00e9ri, hogy csak korl\u00e1tozzuk a szem\u00e9lyes adatainak feldolgoz\u00e1s\u00e1t;<\/p>\n<p>nek\u00fcnk m\u00e1r nincs sz\u00fcks\u00e9g\u00fcnk az \u00d6n adataira, de \u00d6nnek sz\u00fcks\u00e9ge van r\u00e1juk jogai bizony\u00edt\u00e1s\u00e1hoz, gyakorl\u00e1s\u00e1hoz vagy v\u00e9delm\u00e9hez;<\/p>\n<p>\u00d6n tiltakozik szem\u00e9lyes adatainak feldolgoz\u00e1sa ellen, am\u00edg nem ellen\u0151rizz\u00fck, hogy jogos \u00e9rdekeink els\u0151bbs\u00e9get \u00e9lveznek-e az \u00d6n indokaival szemben.<\/p>\n<ol>\n<li>(a) az adatok hordozhat\u00f3s\u00e1g\u00e1hoz val\u00f3 jog<\/li>\n<\/ol>\n<p>Jog\u00e1ban \u00e1ll k\u00e9rni, hogy szem\u00e9lyes adatait olyan elektronikus form\u00e1tumban (pl. XML vagy CSV f\u00e1jl) bocs\u00e1ssuk rendelkez\u00e9s\u00e9re, amely lehet\u0151v\u00e9 teszi, hogy adatait k\u00f6nnyen tov\u00e1bb\u00edthassa egy m\u00e1sik v\u00e1llalatnak. Azt is k\u00e9rheti, hogy szem\u00e9lyes adatait k\u00f6zvetlen\u00fcl az \u00d6n \u00e1ltal v\u00e1lasztott v\u00e1llalatnak tov\u00e1bb\u00edtsuk. A k\u00e9r\u00e9s\u00e9nek eleget tesz\u00fcnk, ha a szem\u00e9lyes adatokat k\u00f6zvetlen\u00fcl nek\u00fcnk adta meg, \u00e9s beleegyez\u00e9s\u00e9t adta azok feldolgoz\u00e1s\u00e1hoz.<\/p>\n<ol>\n<li>(b) a tiltakoz\u00e1s joga<\/li>\n<\/ol>\n<p>\u00d6nnek joga van tiltakozni szem\u00e9lyes adatainak feldolgoz\u00e1sa ellen. Ha az \u00d6n szem\u00e9lyes adatait direkt marketing c\u00e9llal kezelj\u00fck, \u00d6n b\u00e1rmikor tiltakozhat a feldolgoz\u00e1s ellen. A tiltakoz\u00e1s alapj\u00e1n t\u00f6r\u00f6lni fogjuk az \u00d6n szem\u00e9lyes adatait. Ha az \u00d6n szem\u00e9lyes adatait a k\u00f6vetkez\u0151 esetekben kezelj\u00fck:<\/p>\n<p>k\u00f6z\u00e9rdek\u0171 feladat ell\u00e1t\u00e1sa vagy k\u00f6zhatalom gyakorl\u00e1sa c\u00e9lj\u00e1b\u00f3l,<\/p>\n<p>jogos \u00e9rdek\u00fcnk miatt,<\/p>\n<p>\u00fcgyf\u00e9lprofil l\u00e9trehoz\u00e1sa,<\/p>\n<p>\u00d6n tiltakozhat a feldolgoz\u00e1suk ellen, ha szem\u00e9lyes okai vannak erre.<\/p>\n<p>hogyan gyakorolhatja ezeket a jogokat?<\/p>\n<p>a k\u00f6vetkez\u0151 m\u00f3dokon l\u00e9phet vel\u00fcnk kapcsolatba k\u00e9r\u00e9s\u00e9vel:<\/p>\n<p>e-mailben a lamabfc@gmail.com c\u00edmre<\/p>\n<p>a www.lama-bfc.sk weboldalunkon tal\u00e1lhat\u00f3 online elektronikus \u0171rlapon kereszt\u00fcl.<\/p>\n<p>Minden k\u00e9relm\u00e9t feldolgozzuk, \u00e9s a k\u00e9relem beny\u00fajt\u00e1s\u00e1val azonos m\u00f3don t\u00e1j\u00e9koztatjuk \u00d6nt az eredm\u00e9nyr\u0151l.<\/p>\n<p><strong>Hozz\u00e1j\u00e1rul\u00e1s a szem\u00e9lyes adatok feldolgoz\u00e1s\u00e1hoz<\/strong><\/p>\n<p>Azzal, hogy hozz\u00e1j\u00e1rul\u00e1s\u00e1t adja szem\u00e9lyes adatainak feldolgoz\u00e1s\u00e1hoz, \u00d6n enged\u00e9lyezi az Ing. Andrea Saynykov\u00e1 - LAMA, sz\u00e9khelye: Obi\u0161ovce 54, 04481 Obi\u0161ovce, azonos\u00edt\u00f3sz\u00e1m: 47985984 (a tov\u00e1bbiakban: \"Adatkezel\u0151\"), a 18\/2018. sz. t\u00f6rv\u00e9ny 11. \u00a7-a \u00e9rtelm\u00e9ben a 18\/2018. szl. (2018.05.25-t\u0151l a term\u00e9szetes szem\u00e9lyeknek a szem\u00e9lyes adatok kezel\u00e9se tekintet\u00e9ben t\u00f6rt\u00e9n\u0151 v\u00e9delm\u00e9r\u0151l \u00e9s az ilyen adatok szabad \u00e1raml\u00e1s\u00e1r\u00f3l sz\u00f3l\u00f3 (EU) 2016\/679 eur\u00f3pai parlamenti \u00e9s tan\u00e1csi rendelet [a tov\u00e1bbiakban: \"GDPR\"] 6. cikke (1) bekezd\u00e9s\u00e9nek a) pontja \u00e9rtelm\u00e9ben) kifejezett hozz\u00e1j\u00e1rul\u00e1s\u00e1t adja szem\u00e9lyes adatai kezel\u00e9s\u00e9hez a n\u00e9v \u00e9s vezet\u00e9kn\u00e9v, telefonsz\u00e1m, e-mail c\u00edmek k\u00f6r\u00e9ben. (a tov\u00e1bbiakban: \"szem\u00e9lyes adatok\").<\/p>\n<p>Az adatv\u00e9delmi ir\u00e1nyelvek r\u00e9szletes le\u00edr\u00e1sa ezen az oldalon tal\u00e1lhat\u00f3:<\/p>\n<p><a href=\"https:\/\/www.lama-bfc.sk\/hu\/a-szemelyes-adatok-vedelmere-vonatkozo-szabalyok\/?wmc-currency=HUF\">https:\/\/www.lama-bfc.sk\/zasady-ochrany-osobnych-udajov\/<\/a><\/p>\n<p>A vev\u0151 kijelenti, hogy szem\u00e9lyes adatait \u00f6nk\u00e9nt adja meg a megrendel\u00e9s helyes teljes\u00edt\u00e9se \u00e9rdek\u00e9ben. Az \u00dczemeltet\u0151 kijelenti, hogy nem adja ki a Vev\u0151 szem\u00e9lyes adatait harmadik f\u00e9lnek, kiv\u00e9ve a sz\u00e1ll\u00edtm\u00e1nyoz\u00f3 c\u00e9gnek az \u00e1ruk vagy szolg\u00e1ltat\u00e1sok sz\u00e1ll\u00edt\u00e1sa c\u00e9lj\u00e1b\u00f3l, \u00e9s kiv\u00e9ve a jelen \u00c1ltal\u00e1nos Szerz\u0151d\u00e9si Felt\u00e9telekben foglaltak szerint.  A szem\u00e9lyes adatok megad\u00e1sa a Vev\u0151 \u00f6nk\u00e9ntes hozz\u00e1j\u00e1rul\u00e1s\u00e1val sz\u00fcks\u00e9ges felt\u00e9tele annak, hogy az \u00dczemeltet\u0151 \u00e9rt\u00e9kes\u00edt\u00e9si \u00e9s marketing inform\u00e1ci\u00f3kat k\u00fcldhessen \u00d6nnek. Ezt a hozz\u00e1j\u00e1rul\u00e1st az \u00fcgyf\u00e9l \u00f6nk\u00e9ntesen adja meg, \u00e9s mint \u00fcgyf\u00e9lnek joga van ahhoz, hogy ezt a hozz\u00e1j\u00e1rul\u00e1st b\u00e1rmikor visszavonja a weboldalunkon tal\u00e1lhat\u00f3 online elektronikus \u0171rlapon kereszt\u00fcl:<\/p>\n<p><a href=\"https:\/\/www.lama-bfc.sk\/hu\/a-szemelyes-adatok-feldolgozasanak-torlese\/?wmc-currency=HUF\">https:\/\/www.lama-bfc.sk\/formular-na-zrusenie-spracovania-osobnych-udajov\/<\/a><\/p>\n<p><strong>Z\u00e1r\u00f3 rendelkez\u00e9sek<\/strong><\/p>\n<p>Az elad\u00f3 nem alanya az \u00c1FA-nak.<\/p>\n<p>A regisztr\u00e1ci\u00f3 nem felt\u00e9tele a v\u00e1s\u00e1rl\u00e1snak.<\/p>\n<p>A v\u00e1s\u00e1rl\u00e1sr\u00f3l sz\u00f3l\u00f3 sz\u00e1ml\u00e1t (ad\u00f3igazol\u00e1st) automatikusan elektronikusan k\u00fcldj\u00fck el. Ha a fogyaszt\u00f3 \u00fagy k\u00edv\u00e1nja, a sz\u00e1mla pap\u00edrform\u00e1tumban is elk\u00fcldhet\u0151.<\/p>\n<p>A megrendel\u00e9s lead\u00e1s\u00e1val a vev\u0151 meger\u0151s\u00edti, hogy elfogadja \u00e9s betartja ezeket az \u00e1ltal\u00e1nos szerz\u0151d\u00e9si felt\u00e9teleket.<\/p>\n<p>Az Elad\u00f3 fenntartja a jogot, hogy a jelen \u00c1ltal\u00e1nos Szerz\u0151d\u00e9si Felt\u00e9teleket a Vev\u0151 el\u0151zetes \u00e9rtes\u00edt\u00e9se n\u00e9lk\u00fcl m\u00f3dos\u00edtsa. Az \u00c1ltal\u00e1nos Szerz\u0151d\u00e9si Felt\u00e9telek m\u00f3dos\u00edt\u00e1sa eset\u00e9n a teljes v\u00e1s\u00e1rl\u00e1si folyamatra azok az \u00c1ltal\u00e1nos Szerz\u0151d\u00e9si Felt\u00e9telek vonatkoznak, amelyek a Vev\u0151 \u00e1ltal leadott megrendel\u00e9s id\u0151pontj\u00e1ban hat\u00e1lyban voltak.<\/p>\n<p>A jelen \u00c1ltal\u00e1nos Szerz\u0151d\u00e9si Felt\u00e9telek 2020.01.01.01-\u00e9n l\u00e9pnek hat\u00e1lyba.<\/p>\n\n\t\t<\/div>\n\t<\/div>\n<\/div><\/div><\/div><\/div><\/div><\/div>\n<\/div>","protected":false},"excerpt":{"rendered":"V\u0161eobecn\u00e9 obchodn\u00e9 podmienky a reklama\u010dn\u00fd poriadok Z\u00e1kladn\u00e9 inform\u00e1cie Tieto obchodn\u00e9 podmienky sa vz\u0165ahuj\u00fa na zmluvy uzatvoren\u00e9 na dia\u013eku v e-shope www.lama-bfc.sk medzi pred\u00e1vaj\u00facim a kupuj\u00facim pod\u013ea z\u00e1kona \u010d. 102\/2014 z. z. o ochrane spotrebite\u013ea pri predaji tovaru alebo poskytovan\u00ed slu\u017eieb na z\u00e1klade zmluvy uzavretej na dia\u013eku. Pred\u00e1vaj\u00facim je: Ing. Andrea Saynykov\u00e1 - LAMA Obi\u0161ovce 54 [...]","protected":false},"author":24,"featured_media":0,"parent":0,"menu_order":0,"comment_status":"closed","ping_status":"closed","template":"","meta":{"footnotes":""},"class_list":["post-1220","page","type-page","status-publish","hentry","no-thumb"],"jetpack_sharing_enabled":true,"_links":{"self":[{"href":"https:\/\/www.lama-bfc.sk\/hu\/wp-json\/wp\/v2\/pages\/1220","targetHints":{"allow":["GET"]}}],"collection":[{"href":"https:\/\/www.lama-bfc.sk\/hu\/wp-json\/wp\/v2\/pages"}],"about":[{"href":"https:\/\/www.lama-bfc.sk\/hu\/wp-json\/wp\/v2\/types\/page"}],"author":[{"embeddable":true,"href":"https:\/\/www.lama-bfc.sk\/hu\/wp-json\/wp\/v2\/users\/24"}],"replies":[{"embeddable":true,"href":"https:\/\/www.lama-bfc.sk\/hu\/wp-json\/wp\/v2\/comments?post=1220"}],"version-history":[{"count":12,"href":"https:\/\/www.lama-bfc.sk\/hu\/wp-json\/wp\/v2\/pages\/1220\/revisions"}],"predecessor-version":[{"id":4312,"href":"https:\/\/www.lama-bfc.sk\/hu\/wp-json\/wp\/v2\/pages\/1220\/revisions\/4312"}],"wp:attachment":[{"href":"https:\/\/www.lama-bfc.sk\/hu\/wp-json\/wp\/v2\/media?parent=1220"}],"curies":[{"name":"wp","href":"https:\/\/api.w.org\/{rel}","templated":true}]}}